{"id":1024,"date":"2023-02-12T15:37:09","date_gmt":"2023-02-12T14:37:09","guid":{"rendered":"https:\/\/fabricehuggler.com\/?page_id=1024"},"modified":"2023-02-12T15:42:40","modified_gmt":"2023-02-12T14:42:40","slug":"je-suis-un-echo-intentions","status":"publish","type":"page","link":"https:\/\/fabricehuggler.com\/?page_id=1024","title":{"rendered":"Je suis un \u00e9cho qui se tient devant le miroir &#8211; Intentions"},"content":{"rendered":"\n<div class=\"inherit-container-width wp-block-group has-black-color has-white-background-color has-text-color has-background is-layout-constrained wp-container-core-group-is-layout-a52671cf wp-block-group-is-layout-constrained\" style=\"padding-top:0;padding-right:0;padding-bottom:0;padding-left:0\">\n<div class=\"inherit-container-width wp-block-group has-black-color has-white-background-color has-text-color has-background is-layout-constrained wp-container-core-group-is-layout-f98b228d wp-block-group-is-layout-constrained\" style=\"padding-top:var(--wp--preset--spacing--20);padding-right:var(--wp--preset--spacing--20);padding-bottom:var(--wp--preset--spacing--20);padding-left:var(--wp--preset--spacing--20)\">\n<div class=\"inherit-container-width wp-block-group is-layout-constrained wp-block-group-is-layout-constrained\">\n<div class=\"inherit-container-width wp-block-group is-layout-constrained wp-block-group-is-layout-constrained\">\n<p class=\"has-black-color has-white-background-color has-text-color has-background wp-block-paragraph\" style=\"margin-top:var(--wp--preset--spacing--60);margin-right:var(--wp--preset--spacing--60);margin-bottom:var(--wp--preset--spacing--60);margin-left:var(--wp--preset--spacing--60);padding-top:0;padding-right:0;padding-bottom:0;padding-left:0\"><strong>Mais pour l\u2019heure, je suis l\u00e0 debout, et je regarde fixement&#8230; Pour conna\u00eetre le lieu o\u00f9 je suis transport\u00e9&#8230; En v\u00e9rit\u00e9 je me trouve sur le rebord&#8230; D\u2019une vall\u00e9e d\u2019ab\u00eeme, profonde, et embrum\u00e9e&#8230; En fixant mon regard jusqu\u2019au fond,&#8230; Je ne peux rien y discerner.<\/strong><\/p>\n<\/div>\n\n\n\n<p class=\"has-black-color has-white-background-color has-text-color has-background wp-block-paragraph\" style=\"margin-top:var(--wp--preset--spacing--60);margin-right:var(--wp--preset--spacing--60);margin-bottom:var(--wp--preset--spacing--60);margin-left:var(--wp--preset--spacing--60);padding-top:0;padding-right:0;padding-bottom:0;padding-left:0\"><strong>Allons, le long chemin nous pousse&#8230; Descendons \u00e0 pr\u00e9sent dans le monde aveugle,&#8230; Je serai le premier, toi le second.<\/strong><\/p>\n<\/div>\n\n\n\n<p class=\"has-black-color has-white-background-color has-text-color has-background wp-block-paragraph\" style=\"margin-top:var(--wp--preset--spacing--60);margin-right:var(--wp--preset--spacing--60);margin-bottom:var(--wp--preset--spacing--60);margin-left:var(--wp--preset--spacing--60);padding-top:0;padding-right:0;padding-bottom:0;padding-left:0\">Que se passe-t-il en nous quand surgissent les questions vertigineuses du sens de l\u2019existence, quand nous prenons conscience de l\u2019impossibilit\u00e9 d\u2019appr\u00e9hender l\u2019infini, quand nous devons finalement nous contenter de l\u2019image imparfaite et fuyante que nous nous sommes cr\u00e9\u00e9s de nous-m\u00eame ? C\u2019est une travers\u00e9e du vide entre th\u00e9\u00e2tre et musique qui est propos\u00e9 \u00e0 travers ce spectacle.<\/p>\n\n\n\n<p class=\"has-black-color has-white-background-color has-text-color has-background wp-block-paragraph\" style=\"margin-top:var(--wp--preset--spacing--60);margin-right:var(--wp--preset--spacing--60);margin-bottom:var(--wp--preset--spacing--60);margin-left:var(--wp--preset--spacing--60);padding-top:0;padding-right:0;padding-bottom:0;padding-left:0\">Bien entendu la probl\u00e9matique envisag\u00e9e ici peut sembler titanesque, mais il ne s\u2019agit pas dans ce spectacle de donner r\u00e9ponses \u00e0 ces vastes questions, ni de parler de choses extraordinaires, mais de consid\u00e9rer simplement et po\u00e9tiquement les r\u00e9actions les plus fr\u00e9quentes face au sort commun : le myst\u00e8re de l\u2019existence \u00e9tant justement commun \u00e0 tous. Ce spectacle cherche \u00e0 faire surgir tant la violence que la douceur qui \u00e9manent de tout un chacun quand on est plac\u00e9 face \u00e0 l\u2019\u00e9nigme de l\u2019origine. Violence, car la sensation de pouvoir \u00eatre le premier \u00e0 percer ce myst\u00e8re, de pouvoir \u00eatre plus qu\u2019homme dans un monde d\u2019hommes, de pouvoir \u00e9chapper \u00e0 la destin\u00e9e humaine, nous habite tous. Douceur, car c\u2019est avec beaucoup d\u2019humilit\u00e9 que chacun de nous s\u2019efforce de continuer \u00e0 trouver une r\u00e9ponse \u00e0 une question que nous supposons \u00e0 jamais ouverte.<\/p>\n\n\n\n<p class=\"has-black-color has-white-background-color has-text-color has-background wp-block-paragraph\" style=\"margin-top:var(--wp--preset--spacing--60);margin-right:var(--wp--preset--spacing--60);margin-bottom:var(--wp--preset--spacing--60);margin-left:var(--wp--preset--spacing--60);padding-top:0;padding-right:0;padding-bottom:0;padding-left:0\">Bien que ces questionnements existentiels ne d\u00e9coulent pas d\u2019une bataille d\u2019un individu contre un autre individu mais bien d\u2019un combat d\u2019un \u00eatre avec lui-m\u00eame \u00e0 propos de la raison de son existence, ceux-ci r\u00e9v\u00e8lent n\u00e9anmoins un caract\u00e8re sp\u00e9cialement dramatique et se pr\u00eatent particuli\u00e8rement \u00e0 un traitement sc\u00e9nique. Ces r\u00e9gions de l\u2019\u00e2me, o\u00f9 il nous semble entrapercevoir une trace de l\u2019\u00e9nigme humaine, et dont nous d\u00e9couvrons avec \u00e9tonnement l\u2019immensit\u00e9, s\u2019av\u00e8rent souvent plus passionnantes que les r\u00e9gions de l\u2019\u00e2me gouvern\u00e9es par la raison et l\u2019intelligence.<\/p>\n\n\n\n<p class=\"has-black-color has-white-background-color has-text-color has-background wp-block-paragraph\" style=\"margin-top:var(--wp--preset--spacing--60);margin-right:var(--wp--preset--spacing--60);margin-bottom:var(--wp--preset--spacing--60);margin-left:var(--wp--preset--spacing--60);padding-top:0;padding-right:0;padding-bottom:0;padding-left:0\">L\u2019univers sc\u00e9nique et sonore de cet audacieux projet interdisciplinaire entra\u00eene les spectateurs \u00e0 changer d\u2019espace au cours de la repr\u00e9sentation. La premi\u00e8re partie de la soir\u00e9e, au petit th\u00e9\u00e2tre de la rue du Coq, invite \u00e0 l\u2019introspection, tandis que la seconde partie, au Temple allemand, avec sa hauteur de plafond consid\u00e9rable, \u00e9voque une certaine transcendance, une lib\u00e9ration.<\/p>\n<\/div>\n<\/div>\n","protected":false},"excerpt":{"rendered":"<p>Mais pour l\u2019heure, je suis l\u00e0 debout, et je regarde fixement&#8230; Pour conna\u00eetre le lieu o\u00f9 je suis transport\u00e9&#8230; En v\u00e9rit\u00e9 je me trouve sur le rebord&#8230; D\u2019une vall\u00e9e d\u2019ab\u00eeme, profonde, et embrum\u00e9e&#8230; En fixant mon regard jusqu\u2019au fond,&#8230; Je ne peux rien y discerner. Allons, le long chemin nous pousse&#8230; Descendons \u00e0 pr\u00e9sent dans &hellip;<\/p>\n<p class=\"read-more\"> <a class=\"\" href=\"https:\/\/fabricehuggler.com\/?page_id=1024\"> <span class=\"screen-reader-text\">Je suis un \u00e9cho qui se tient devant le miroir &#8211; Intentions<\/span> Lire la suite\u00a0\u00bb<\/a><\/p>\n","protected":false},"author":1,"featured_media":0,"parent":0,"menu_order":0,"comment_status":"closed","ping_status":"closed","template":"","meta":{"site-sidebar-layout":"default","site-content-layout":"default","ast-global-header-display":"","ast-main-header-display":"","ast-hfb-above-header-display":"","ast-hfb-below-header-display":"","ast-hfb-mobile-header-display":"","site-post-title":"","ast-breadcrumbs-content":"","ast-featured-img":"","footer-sml-layout":"","theme-transparent-header-meta":"","adv-header-id-meta":"","stick-header-meta":"","header-above-stick-meta":"","header-main-stick-meta":"","header-below-stick-meta":"","footnotes":""},"class_list":["post-1024","page","type-page","status-publish","hentry"],"_links":{"self":[{"href":"https:\/\/fabricehuggler.com\/index.php?rest_route=\/wp\/v2\/pages\/1024","targetHints":{"allow":["GET"]}}],"collection":[{"href":"https:\/\/fabricehuggler.com\/index.php?rest_route=\/wp\/v2\/pages"}],"about":[{"href":"https:\/\/fabricehuggler.com\/index.php?rest_route=\/wp\/v2\/types\/page"}],"author":[{"embeddable":true,"href":"https:\/\/fabricehuggler.com\/index.php?rest_route=\/wp\/v2\/users\/1"}],"replies":[{"embeddable":true,"href":"https:\/\/fabricehuggler.com\/index.php?rest_route=%2Fwp%2Fv2%2Fcomments&post=1024"}],"version-history":[{"count":4,"href":"https:\/\/fabricehuggler.com\/index.php?rest_route=\/wp\/v2\/pages\/1024\/revisions"}],"predecessor-version":[{"id":1029,"href":"https:\/\/fabricehuggler.com\/index.php?rest_route=\/wp\/v2\/pages\/1024\/revisions\/1029"}],"wp:attachment":[{"href":"https:\/\/fabricehuggler.com\/index.php?rest_route=%2Fwp%2Fv2%2Fmedia&parent=1024"}],"curies":[{"name":"wp","href":"https:\/\/api.w.org\/{rel}","templated":true}]}}