{"id":1182,"date":"2023-02-16T11:34:55","date_gmt":"2023-02-16T10:34:55","guid":{"rendered":"https:\/\/fabricehuggler.com\/?page_id=1182"},"modified":"2023-02-16T14:14:19","modified_gmt":"2023-02-16T13:14:19","slug":"le-journal-dun-disparu","status":"publish","type":"page","link":"https:\/\/fabricehuggler.com\/?page_id=1182","title":{"rendered":"Le journal d&rsquo;un disparu"},"content":{"rendered":"\n<div class=\"wp-block-columns is-layout-flex wp-container-core-columns-is-layout-ce42b960 wp-block-columns-is-layout-flex\" style=\"padding-top:0;padding-right:0;padding-bottom:0;padding-left:0\">\n<div class=\"wp-block-column is-content-justification-left is-layout-constrained wp-container-core-column-is-layout-e68a9f1f wp-block-column-is-layout-constrained\" style=\"border-style:none;border-width:0px;padding-top:0;padding-right:0;padding-bottom:0;padding-left:0;flex-basis:100%\">\n<div class=\"alignnormal\"><div id=\"metaslider-id-1161\" style=\"max-width: 700px;\" class=\"ml-slider-3-28-3 metaslider metaslider-flex metaslider-1161 ml-slider ms-theme-jenga nav-hidden\">\n    <div id=\"metaslider_container_1161\">\n        <div id=\"metaslider_1161\">\n            <ul aria-live=\"polite\" class=\"slides\">\n                <li style=\"display: block; width: 100%;\" class=\"slide-1172 ms-image\"><img loading=\"lazy\" decoding=\"async\" width=\"640\" height=\"425\" src=\"https:\/\/fabricehuggler.com\/wp-content\/uploads\/2023\/02\/journalphoto1.jpg\" class=\"slider-1161 slide-1172\" alt=\"\" rel=\"\" title=\"journalphoto1\" srcset=\"https:\/\/fabricehuggler.com\/wp-content\/uploads\/2023\/02\/journalphoto1.jpg 640w, https:\/\/fabricehuggler.com\/wp-content\/uploads\/2023\/02\/journalphoto1-300x199.jpg 300w\" sizes=\"auto, (max-width: 640px) 100vw, 640px\" \/><\/li>\n                <li style=\"display: none; width: 100%;\" class=\"slide-1173 ms-image\"><img loading=\"lazy\" decoding=\"async\" width=\"640\" height=\"425\" src=\"https:\/\/fabricehuggler.com\/wp-content\/uploads\/2023\/02\/journalphoto2.jpg\" class=\"slider-1161 slide-1173\" alt=\"\" rel=\"\" title=\"journalphoto2\" srcset=\"https:\/\/fabricehuggler.com\/wp-content\/uploads\/2023\/02\/journalphoto2.jpg 640w, https:\/\/fabricehuggler.com\/wp-content\/uploads\/2023\/02\/journalphoto2-300x199.jpg 300w\" sizes=\"auto, (max-width: 640px) 100vw, 640px\" \/><\/li>\n                <li style=\"display: none; width: 100%;\" class=\"slide-1174 ms-image\"><img loading=\"lazy\" decoding=\"async\" width=\"640\" height=\"425\" src=\"https:\/\/fabricehuggler.com\/wp-content\/uploads\/2023\/02\/journalphoto3.jpg\" class=\"slider-1161 slide-1174\" alt=\"\" rel=\"\" title=\"journalphoto3\" srcset=\"https:\/\/fabricehuggler.com\/wp-content\/uploads\/2023\/02\/journalphoto3.jpg 640w, https:\/\/fabricehuggler.com\/wp-content\/uploads\/2023\/02\/journalphoto3-300x199.jpg 300w\" sizes=\"auto, (max-width: 640px) 100vw, 640px\" \/><\/li>\n                <li style=\"display: none; width: 100%;\" class=\"slide-1175 ms-image\"><img loading=\"lazy\" decoding=\"async\" width=\"640\" height=\"425\" src=\"https:\/\/fabricehuggler.com\/wp-content\/uploads\/2023\/02\/journalphoto4.jpg\" class=\"slider-1161 slide-1175\" alt=\"\" rel=\"\" title=\"journalphoto4\" srcset=\"https:\/\/fabricehuggler.com\/wp-content\/uploads\/2023\/02\/journalphoto4.jpg 640w, https:\/\/fabricehuggler.com\/wp-content\/uploads\/2023\/02\/journalphoto4-300x199.jpg 300w\" sizes=\"auto, (max-width: 640px) 100vw, 640px\" \/><\/li>\n                <li style=\"display: none; width: 100%;\" class=\"slide-1176 ms-image\"><img loading=\"lazy\" decoding=\"async\" width=\"640\" height=\"425\" src=\"https:\/\/fabricehuggler.com\/wp-content\/uploads\/2023\/02\/journalphoto5.jpg\" class=\"slider-1161 slide-1176\" alt=\"\" rel=\"\" title=\"journalphoto5\" srcset=\"https:\/\/fabricehuggler.com\/wp-content\/uploads\/2023\/02\/journalphoto5.jpg 640w, https:\/\/fabricehuggler.com\/wp-content\/uploads\/2023\/02\/journalphoto5-300x199.jpg 300w\" sizes=\"auto, (max-width: 640px) 100vw, 640px\" \/><\/li>\n                <li style=\"display: none; width: 100%;\" class=\"slide-1177 ms-image\"><img loading=\"lazy\" decoding=\"async\" width=\"640\" height=\"425\" src=\"https:\/\/fabricehuggler.com\/wp-content\/uploads\/2023\/02\/journalphoto6.jpg\" class=\"slider-1161 slide-1177\" alt=\"\" rel=\"\" title=\"journalphoto6\" srcset=\"https:\/\/fabricehuggler.com\/wp-content\/uploads\/2023\/02\/journalphoto6.jpg 640w, https:\/\/fabricehuggler.com\/wp-content\/uploads\/2023\/02\/journalphoto6-300x199.jpg 300w\" sizes=\"auto, (max-width: 640px) 100vw, 640px\" \/><\/li>\n                <li style=\"display: none; width: 100%;\" class=\"slide-1178 ms-image\"><img loading=\"lazy\" decoding=\"async\" width=\"640\" height=\"425\" src=\"https:\/\/fabricehuggler.com\/wp-content\/uploads\/2023\/02\/journalphoto7.jpg\" class=\"slider-1161 slide-1178\" alt=\"\" rel=\"\" title=\"journalphoto7\" srcset=\"https:\/\/fabricehuggler.com\/wp-content\/uploads\/2023\/02\/journalphoto7.jpg 640w, https:\/\/fabricehuggler.com\/wp-content\/uploads\/2023\/02\/journalphoto7-300x199.jpg 300w\" sizes=\"auto, (max-width: 640px) 100vw, 640px\" \/><\/li>\n                <li style=\"display: none; width: 100%;\" class=\"slide-1179 ms-image\"><img loading=\"lazy\" decoding=\"async\" width=\"640\" height=\"425\" src=\"https:\/\/fabricehuggler.com\/wp-content\/uploads\/2023\/02\/journalphoto8.jpg\" class=\"slider-1161 slide-1179\" alt=\"\" rel=\"\" title=\"journalphoto8\" srcset=\"https:\/\/fabricehuggler.com\/wp-content\/uploads\/2023\/02\/journalphoto8.jpg 640w, https:\/\/fabricehuggler.com\/wp-content\/uploads\/2023\/02\/journalphoto8-300x199.jpg 300w\" sizes=\"auto, (max-width: 640px) 100vw, 640px\" \/><\/li>\n                <li style=\"display: none; width: 100%;\" class=\"slide-1180 ms-image\"><img loading=\"lazy\" decoding=\"async\" width=\"640\" height=\"425\" src=\"https:\/\/fabricehuggler.com\/wp-content\/uploads\/2023\/02\/journalphoto9.jpg\" class=\"slider-1161 slide-1180\" alt=\"\" rel=\"\" title=\"journalphoto9\" srcset=\"https:\/\/fabricehuggler.com\/wp-content\/uploads\/2023\/02\/journalphoto9.jpg 640w, https:\/\/fabricehuggler.com\/wp-content\/uploads\/2023\/02\/journalphoto9-300x199.jpg 300w\" sizes=\"auto, (max-width: 640px) 100vw, 640px\" \/><\/li>\n                <li style=\"display: none; width: 100%;\" class=\"slide-1181 ms-image\"><img loading=\"lazy\" decoding=\"async\" width=\"640\" height=\"425\" src=\"https:\/\/fabricehuggler.com\/wp-content\/uploads\/2023\/02\/journalphoto10.jpg\" class=\"slider-1161 slide-1181\" alt=\"\" rel=\"\" title=\"journalphoto10\" srcset=\"https:\/\/fabricehuggler.com\/wp-content\/uploads\/2023\/02\/journalphoto10.jpg 640w, https:\/\/fabricehuggler.com\/wp-content\/uploads\/2023\/02\/journalphoto10-300x199.jpg 300w\" sizes=\"auto, (max-width: 640px) 100vw, 640px\" \/><\/li>\n            <\/ul>\n        <\/div>\n        \n    <\/div>\n<\/div><\/div>\n<\/div>\n\n\n\n<div class=\"wp-block-column is-layout-flow wp-block-column-is-layout-flow\" style=\"border-style:none;border-width:0px;padding-top:0;padding-right:0;padding-bottom:0;padding-left:0;flex-basis:66%\">\n<p class=\"wp-block-paragraph\" style=\"margin-top:0;margin-right:0;margin-bottom:0;margin-left:0;padding-top:0;padding-right:0;padding-bottom:0;padding-left:0;font-size:10px\">Interpr\u00e8tes<\/p>\n\n\n\n<p class=\"wp-block-paragraph\" style=\"margin-top:0;margin-right:0;margin-bottom:0;margin-left:0;padding-top:0;padding-right:0;padding-bottom:0;padding-left:0;font-size:15px\">Mireille Bellenot (piano), Myriam Boucris (alto, com\u00e9dienne), R\u00e9mi Garin (t\u00e9nor), Samuel Grilli (com\u00e9dien)<\/p>\n\n\n\n<p class=\"wp-block-paragraph\" style=\"margin-top:0;margin-right:0;margin-bottom:0;margin-left:0;padding-top:0;padding-right:0;padding-bottom:0;padding-left:0;font-size:10px\">Op\u00e9ra de chambre de<\/p>\n\n\n\n<p class=\"wp-block-paragraph\" style=\"margin-top:0;margin-right:0;margin-bottom:0;margin-left:0;padding-top:0;padding-right:0;padding-bottom:0;padding-left:0;font-size:15px\">Leos Janacek<\/p>\n\n\n\n<p class=\"wp-block-paragraph\" style=\"margin-top:0;margin-right:0;margin-bottom:0;margin-left:0;padding-top:0;padding-right:0;padding-bottom:0;padding-left:0;font-size:10px\">Direction artistique<\/p>\n\n\n\n<p class=\"wp-block-paragraph\" style=\"margin-top:0;margin-right:0;margin-bottom:0;margin-left:0;padding-top:0;padding-right:0;padding-bottom:0;padding-left:0;font-size:15px\">Mireille Bellenot<\/p>\n\n\n\n<p class=\"wp-block-paragraph\" style=\"margin-top:0;margin-right:0;margin-bottom:0;margin-left:0;padding-top:0;padding-right:0;padding-bottom:0;padding-left:0;font-size:10px\">Mise en sc\u00e8ne<\/p>\n\n\n\n<p class=\"wp-block-paragraph\" style=\"margin-top:0;margin-right:0;margin-bottom:0;margin-left:0;padding-top:0;padding-right:0;padding-bottom:0;padding-left:0;font-size:15px\">Fabrice Huggler<\/p>\n\n\n\n<p class=\"wp-block-paragraph\" style=\"margin-top:0;margin-right:0;margin-bottom:0;margin-left:0;padding-top:0;padding-right:0;padding-bottom:0;padding-left:0;font-size:10px\">Direction musicale<\/p>\n\n\n\n<p class=\"wp-block-paragraph\" style=\"margin-top:0;margin-right:0;margin-bottom:0;margin-left:0;padding-top:0;padding-right:0;padding-bottom:0;padding-left:0;font-size:15px\">Claude Berset<\/p>\n\n\n\n<p class=\"wp-block-paragraph\" style=\"margin-top:0;margin-right:0;margin-bottom:0;margin-left:0;padding-top:0;padding-right:0;padding-bottom:0;padding-left:0;font-size:10px\">Sc\u00e9nographie, vid\u00e9o, costumes<\/p>\n\n\n\n<p class=\"wp-block-paragraph\" style=\"margin-top:0;margin-right:0;margin-bottom:0;margin-left:0;padding-top:0;padding-right:0;padding-bottom:0;padding-left:0;font-size:15px\">Cyril Macq<\/p>\n\n\n\n<p class=\"wp-block-paragraph\" style=\"margin-top:0;margin-right:0;margin-bottom:0;margin-left:0;padding-top:0;padding-right:0;padding-bottom:0;padding-left:0;font-size:10px\">Lumi\u00e8re<\/p>\n\n\n\n<p class=\"wp-block-paragraph\" style=\"margin-top:0;margin-right:0;margin-bottom:0;margin-left:0;padding-top:0;padding-right:0;padding-bottom:0;padding-left:0;font-size:15px\">Philippe Maeder<\/p>\n\n\n\n<p class=\"wp-block-paragraph\" style=\"margin-top:0;margin-right:0;margin-bottom:0;margin-left:0;padding-top:0;padding-right:0;padding-bottom:0;padding-left:0;font-size:10px\">Construction<\/p>\n\n\n\n<p class=\"wp-block-paragraph\" style=\"margin-top:0;margin-right:0;margin-bottom:0;margin-left:0;padding-top:0;padding-right:0;padding-bottom:0;padding-left:0;font-size:15px\">Thierry Bessire (Les Copeaux d&rsquo;abord)<\/p>\n\n\n\n<p class=\"wp-block-paragraph\" style=\"margin-top:0;margin-right:0;margin-bottom:0;margin-left:0;padding-top:0;padding-right:0;padding-bottom:0;padding-left:0;font-size:10px\">Repr\u00e9sentations<\/p>\n\n\n\n<p class=\"wp-block-paragraph\" style=\"margin-top:0;margin-right:0;margin-bottom:0;margin-left:0;padding-top:0;padding-right:0;padding-bottom:0;padding-left:0;font-size:15px\">7 au 14 mai 2006<br>Th\u00e9\u00e2tre Populaire Romand, La Chaux-de-Fonds<\/p>\n<\/div>\n<\/div>\n\n\n\n<div class=\"inherit-container-width wp-block-group is-layout-constrained wp-container-core-group-is-layout-a6f1d9a5 wp-block-group-is-layout-constrained\" style=\"padding-top:0;padding-right:0;padding-bottom:0;padding-left:0\">\n<p class=\"has-text-align-right has-white-color has-black-background-color has-text-color has-background has-link-color has-small-font-size wp-elements-1 wp-block-paragraph\" style=\"margin-top:var(--wp--preset--spacing--60);margin-right:var(--wp--preset--spacing--60);margin-bottom:var(--wp--preset--spacing--60);margin-left:var(--wp--preset--spacing--60);padding-top:0;padding-right:0;padding-bottom:0;padding-left:0;font-style:normal;font-weight:100\"><a href=\"https:\/\/fabricehuggler.com\/?page_id=1260\">Cliquer ici pour lire la note d&rsquo;intentions<\/a><\/p>\n<\/div>\n\n\n\n<div class=\"inherit-container-width wp-block-group has-small-font-size is-layout-constrained wp-container-core-group-is-layout-10556665 wp-block-group-is-layout-constrained\" style=\"padding-top:0;padding-right:0;padding-bottom:0;padding-left:0\"><\/div>\n","protected":false},"excerpt":{"rendered":"<p>Interpr\u00e8tes Mireille Bellenot (piano), Myriam Boucris (alto, com\u00e9dienne), R\u00e9mi Garin (t\u00e9nor), Samuel Grilli (com\u00e9dien) Op\u00e9ra de chambre de Leos Janacek Direction artistique Mireille Bellenot Mise en sc\u00e8ne Fabrice Huggler Direction musicale Claude Berset Sc\u00e9nographie, vid\u00e9o, costumes Cyril Macq Lumi\u00e8re Philippe Maeder Construction Thierry Bessire (Les Copeaux d&rsquo;abord) Repr\u00e9sentations 7 au 14 mai 2006Th\u00e9\u00e2tre Populaire Romand, &hellip;<\/p>\n<p class=\"read-more\"> <a class=\"\" href=\"https:\/\/fabricehuggler.com\/?page_id=1182\"> <span class=\"screen-reader-text\">Le journal d&rsquo;un disparu<\/span> Lire la suite\u00a0\u00bb<\/a><\/p>\n","protected":false},"author":1,"featured_media":0,"parent":0,"menu_order":0,"comment_status":"closed","ping_status":"closed","template":"","meta":{"site-sidebar-layout":"default","site-content-layout":"default","ast-global-header-display":"","ast-main-header-display":"","ast-hfb-above-header-display":"","ast-hfb-below-header-display":"","ast-hfb-mobile-header-display":"","site-post-title":"","ast-breadcrumbs-content":"","ast-featured-img":"","footer-sml-layout":"","theme-transparent-header-meta":"","adv-header-id-meta":"","stick-header-meta":"","header-above-stick-meta":"","header-main-stick-meta":"","header-below-stick-meta":"","footnotes":""},"class_list":["post-1182","page","type-page","status-publish","hentry"],"_links":{"self":[{"href":"https:\/\/fabricehuggler.com\/index.php?rest_route=\/wp\/v2\/pages\/1182","targetHints":{"allow":["GET"]}}],"collection":[{"href":"https:\/\/fabricehuggler.com\/index.php?rest_route=\/wp\/v2\/pages"}],"about":[{"href":"https:\/\/fabricehuggler.com\/index.php?rest_route=\/wp\/v2\/types\/page"}],"author":[{"embeddable":true,"href":"https:\/\/fabricehuggler.com\/index.php?rest_route=\/wp\/v2\/users\/1"}],"replies":[{"embeddable":true,"href":"https:\/\/fabricehuggler.com\/index.php?rest_route=%2Fwp%2Fv2%2Fcomments&post=1182"}],"version-history":[{"count":7,"href":"https:\/\/fabricehuggler.com\/index.php?rest_route=\/wp\/v2\/pages\/1182\/revisions"}],"predecessor-version":[{"id":1262,"href":"https:\/\/fabricehuggler.com\/index.php?rest_route=\/wp\/v2\/pages\/1182\/revisions\/1262"}],"wp:attachment":[{"href":"https:\/\/fabricehuggler.com\/index.php?rest_route=%2Fwp%2Fv2%2Fmedia&parent=1182"}],"curies":[{"name":"wp","href":"https:\/\/api.w.org\/{rel}","templated":true}]}}