{"id":1284,"date":"2023-02-16T12:56:15","date_gmt":"2023-02-16T11:56:15","guid":{"rendered":"https:\/\/fabricehuggler.com\/?page_id=1284"},"modified":"2023-02-16T13:00:57","modified_gmt":"2023-02-16T12:00:57","slug":"loeil-du-cyclone-intentions","status":"publish","type":"page","link":"https:\/\/fabricehuggler.com\/?page_id=1284","title":{"rendered":"L&rsquo;oeil du cyclone &#8211; Intentions"},"content":{"rendered":"\n<div class=\"inherit-container-width wp-block-group has-black-color has-white-background-color has-text-color has-background is-layout-constrained wp-container-core-group-is-layout-a52671cf wp-block-group-is-layout-constrained\" style=\"padding-top:0;padding-right:0;padding-bottom:0;padding-left:0\">\n<div class=\"inherit-container-width wp-block-group has-black-color has-white-background-color has-text-color has-background is-layout-constrained wp-container-core-group-is-layout-f98b228d wp-block-group-is-layout-constrained\" style=\"padding-top:var(--wp--preset--spacing--20);padding-right:var(--wp--preset--spacing--20);padding-bottom:var(--wp--preset--spacing--20);padding-left:var(--wp--preset--spacing--20)\">\n<div class=\"inherit-container-width wp-block-group is-layout-constrained wp-block-group-is-layout-constrained\">\n<div class=\"inherit-container-width wp-block-group is-layout-constrained wp-block-group-is-layout-constrained\">\n<p class=\"has-black-color has-white-background-color has-text-color has-background wp-block-paragraph\" style=\"margin-top:var(--wp--preset--spacing--60);margin-right:var(--wp--preset--spacing--60);margin-bottom:var(--wp--preset--spacing--60);margin-left:var(--wp--preset--spacing--60);padding-top:0;padding-right:0;padding-bottom:0;padding-left:0\"><strong>Apr\u00e8s, l&rsquo;Etat nous a log\u00e9 dans ce nouvel immeuble de la rue Ferrier-Rothschild. Tout \u00e9tait neuf, les murs, les balcons, les \u00e9viers, les escaliers, le parking, les fen\u00eatres, les voisins. Et tout \u00e0 coup, moi qui n&rsquo;ai jamais voulu \u00eatre d&rsquo;ici, je suis devenue La Suissesse de cet immeuble. C&rsquo;est de l\u00e0 maintenant que je regarde Gen\u00e8ve, depuis cette cour triangulaire o\u00f9 s&rsquo;allument des dizaines et des dizaines de fen\u00eatres. Toutes identiques. Tout pareilles&#8230;.<\/strong><\/p>\n<\/div>\n\n\n\n<p class=\"has-black-color has-white-background-color has-text-color has-background wp-block-paragraph\" style=\"margin-top:var(--wp--preset--spacing--60);margin-right:var(--wp--preset--spacing--60);margin-bottom:var(--wp--preset--spacing--60);margin-left:var(--wp--preset--spacing--60);padding-top:0;padding-right:0;padding-bottom:0;padding-left:0\">Depuis dix ans, le Th\u00e9\u00e2tre Saint-Gervais s&#8217;emploie \u00e0 mettre en \u00e9vidence et \u00e0 faire mieux conna\u00eetre le potentiel culturel et artistique que l&rsquo;immigration apporte \u00e0 Gen\u00e8ve. Pour cette nouvelle \u00e9tape, le Th\u00e9\u00e2tre St-Gervais a r\u00e9uni un collectif de com\u00e9diens, metteurs en sc\u00e8ne, auteurs, dramaturges, sociologues, cin\u00e9astes et professeurs. Ensemble, nous avons imagin\u00e9 et mis sur pied le projet L&rsquo;Oeil du cyclone, les 1001 r\u00e9cits de l&rsquo;arriv\u00e9e \u00e0 Gen\u00e8ve. <\/p>\n\n\n\n<p class=\"has-black-color has-white-background-color has-text-color has-background wp-block-paragraph\" style=\"margin-top:var(--wp--preset--spacing--60);margin-right:var(--wp--preset--spacing--60);margin-bottom:var(--wp--preset--spacing--60);margin-left:var(--wp--preset--spacing--60);padding-top:0;padding-right:0;padding-bottom:0;padding-left:0\">Dans le cadre de ce projet, j&rsquo;ai collabor\u00e9 \u00e0 la conception d&rsquo;un parcours th\u00e9\u00e2tral en trois \u00e9tapes (un diptyque th\u00e9\u00e2tral suivi d&rsquo;un \u00e9pilogue, qui entrem\u00ealaient, \u00e0 l&rsquo;int\u00e9rieur de la tour St-Gervais, mots, images, objets et sons) et plus particuli\u00e8rement \u00e0 la mise en sc\u00e8ne d&rsquo;une des \u00e9tapes th\u00e9\u00e2trales, \u00ab\u00a0Voisins\u00a0\u00bb, en collaboration avec l&rsquo;auteur Julie Gilbert, et \u00e0 la sc\u00e9nographie d&rsquo;un espace-\u00e9pilogue. <\/p>\n\n\n\n<p class=\"has-black-color has-white-background-color has-text-color has-background wp-block-paragraph\" style=\"margin-top:var(--wp--preset--spacing--60);margin-right:var(--wp--preset--spacing--60);margin-bottom:var(--wp--preset--spacing--60);margin-left:var(--wp--preset--spacing--60);padding-top:0;padding-right:0;padding-bottom:0;padding-left:0\">Pour Voisins, nous avons explor\u00e9 la fronti\u00e8re entre fiction et documentaire et plac\u00e9 le spectateur devant une incertitude : com\u00e9diens ou personnages r\u00e9els ? Dans ce but, nous avons int\u00e9gr\u00e9, incognito, neuf com\u00e9diens parmi le public. Au cours de la repr\u00e9sentation, qui d\u00e9butait sur sc\u00e8ne par le monologue d&rsquo;une com\u00e9dienne, ceux-ci interrompaient brusquement le fil du spectacle en intervenant dans le public. Ils troublaient alors les spectateurs en racontant, chacun de leur c\u00f4t\u00e9, et sur le ton de la confidence, des t\u00e9moignages de migrants qu&rsquo;ils s&rsquo;\u00e9taient r\u00e9appropri\u00e9s. D&rsquo;abord d\u00e9rout\u00e9e, la plupart des spectateurs acceptait peu \u00e0 peu ces intrusions et passait ensuite avec int\u00e9r\u00eat d&rsquo;une \u00e9coute intime et active de leurs voisins \u00e0 une \u00e9coute plus habituelle de la narratrice principale, toujours pr\u00e9sente sur le plateau. <\/p>\n\n\n\n<p class=\"has-black-color has-white-background-color has-text-color has-background wp-block-paragraph\" style=\"margin-top:var(--wp--preset--spacing--60);margin-right:var(--wp--preset--spacing--60);margin-bottom:var(--wp--preset--spacing--60);margin-left:var(--wp--preset--spacing--60);padding-top:0;padding-right:0;padding-bottom:0;padding-left:0\">L&rsquo;espace-\u00e9pilogue accueillait, lui, en fin de parcours, l&rsquo;ensemble des spectateurs et des intervenants. Situ\u00e9 au dernier \u00e9tage du b\u00e2timent, il comprenait deux vid\u00e9omatons, dans lesquels les spectateurs \u00e9taient invit\u00e9s \u00e0 laisser \u00e0 leur tour un t\u00e9moignage, ainsi qu&rsquo;une exposition d&rsquo;objets intimes, confi\u00e9s par les migrants interview\u00e9s. Bien qu&rsquo;ordinaires et quotidiens, ces objets d\u00e9gageaient, en tant que t\u00e9moins et compagnons de ces vies d&rsquo;exil\u00e9s, une forte charge affective. D\u00e9sireux de mettre l&rsquo;accent sur la dimension sacr\u00e9e de ces objets, j&rsquo;ai imagin\u00e9 un dispositif qui permettait de mettre en valeur leur caract\u00e8re exceptionnel. Ces objets \u00e9taient ainsi pr\u00e9sent\u00e9s dans des cubes de plexiglas et isol\u00e9s les uns des autres par le jeu des lumi\u00e8res. <\/p>\n\n\n\n<p class=\"has-black-color has-white-background-color has-text-color has-background wp-block-paragraph\" style=\"margin-top:var(--wp--preset--spacing--60);margin-right:var(--wp--preset--spacing--60);margin-bottom:var(--wp--preset--spacing--60);margin-left:var(--wp--preset--spacing--60);padding-top:0;padding-right:0;padding-bottom:0;padding-left:0\">Et pour conclure cet \u00e9pilogue par un moment de convivialit\u00e9 et d&rsquo;\u00e9changes, le rideau s&rsquo;ouvrait soudain sur une petite tente de foire o\u00f9 les spectateurs \u00e9taient invit\u00e9s \u00e0 d\u00e9guster un kebab.<\/p>\n<\/div>\n<\/div>\n<\/div>\n","protected":false},"excerpt":{"rendered":"<p>Apr\u00e8s, l&rsquo;Etat nous a log\u00e9 dans ce nouvel immeuble de la rue Ferrier-Rothschild. Tout \u00e9tait neuf, les murs, les balcons, les \u00e9viers, les escaliers, le parking, les fen\u00eatres, les voisins. Et tout \u00e0 coup, moi qui n&rsquo;ai jamais voulu \u00eatre d&rsquo;ici, je suis devenue La Suissesse de cet immeuble. C&rsquo;est de l\u00e0 maintenant que je &hellip;<\/p>\n<p class=\"read-more\"> <a class=\"\" href=\"https:\/\/fabricehuggler.com\/?page_id=1284\"> <span class=\"screen-reader-text\">L&rsquo;oeil du cyclone &#8211; Intentions<\/span> Lire la suite\u00a0\u00bb<\/a><\/p>\n","protected":false},"author":1,"featured_media":0,"parent":0,"menu_order":0,"comment_status":"closed","ping_status":"closed","template":"","meta":{"site-sidebar-layout":"default","site-content-layout":"default","ast-global-header-display":"","ast-main-header-display":"","ast-hfb-above-header-display":"","ast-hfb-below-header-display":"","ast-hfb-mobile-header-display":"","site-post-title":"","ast-breadcrumbs-content":"","ast-featured-img":"","footer-sml-layout":"","theme-transparent-header-meta":"","adv-header-id-meta":"","stick-header-meta":"","header-above-stick-meta":"","header-main-stick-meta":"","header-below-stick-meta":"","footnotes":""},"class_list":["post-1284","page","type-page","status-publish","hentry"],"_links":{"self":[{"href":"https:\/\/fabricehuggler.com\/index.php?rest_route=\/wp\/v2\/pages\/1284","targetHints":{"allow":["GET"]}}],"collection":[{"href":"https:\/\/fabricehuggler.com\/index.php?rest_route=\/wp\/v2\/pages"}],"about":[{"href":"https:\/\/fabricehuggler.com\/index.php?rest_route=\/wp\/v2\/types\/page"}],"author":[{"embeddable":true,"href":"https:\/\/fabricehuggler.com\/index.php?rest_route=\/wp\/v2\/users\/1"}],"replies":[{"embeddable":true,"href":"https:\/\/fabricehuggler.com\/index.php?rest_route=%2Fwp%2Fv2%2Fcomments&post=1284"}],"version-history":[{"count":3,"href":"https:\/\/fabricehuggler.com\/index.php?rest_route=\/wp\/v2\/pages\/1284\/revisions"}],"predecessor-version":[{"id":1292,"href":"https:\/\/fabricehuggler.com\/index.php?rest_route=\/wp\/v2\/pages\/1284\/revisions\/1292"}],"wp:attachment":[{"href":"https:\/\/fabricehuggler.com\/index.php?rest_route=%2Fwp%2Fv2%2Fmedia&parent=1284"}],"curies":[{"name":"wp","href":"https:\/\/api.w.org\/{rel}","templated":true}]}}