{"id":1588,"date":"2023-02-26T11:55:46","date_gmt":"2023-02-26T10:55:46","guid":{"rendered":"https:\/\/fabricehuggler.com\/?page_id=1588"},"modified":"2023-02-26T12:01:16","modified_gmt":"2023-02-26T11:01:16","slug":"erotativa-intentions","status":"publish","type":"page","link":"https:\/\/fabricehuggler.com\/?page_id=1588","title":{"rendered":"\u00e9Rotativa &#8211; Intentions"},"content":{"rendered":"\n<div class=\"inherit-container-width wp-block-group has-black-color has-white-background-color has-text-color has-background is-layout-constrained wp-container-core-group-is-layout-a52671cf wp-block-group-is-layout-constrained\" style=\"padding-top:0;padding-right:0;padding-bottom:0;padding-left:0\">\n<div class=\"inherit-container-width wp-block-group has-black-color has-white-background-color has-text-color has-background is-layout-constrained wp-container-core-group-is-layout-f98b228d wp-block-group-is-layout-constrained\" style=\"padding-top:var(--wp--preset--spacing--20);padding-right:var(--wp--preset--spacing--20);padding-bottom:var(--wp--preset--spacing--20);padding-left:var(--wp--preset--spacing--20)\">\n<div class=\"inherit-container-width wp-block-group is-layout-constrained wp-block-group-is-layout-constrained\">\n<p class=\"has-black-color has-white-background-color has-text-color has-background wp-block-paragraph\" style=\"margin-top:var(--wp--preset--spacing--40);margin-right:var(--wp--preset--spacing--40);margin-bottom:var(--wp--preset--spacing--40);margin-left:var(--wp--preset--spacing--40);padding-top:0;padding-right:0;padding-bottom:0;padding-left:0\">Cette performance \u00e9rotico-musicale a pour point de d\u00e9part l&rsquo;oeuvre pour deux piano du compositeur italien Giacinto Scelsi : Rotativa. Cette pi\u00e8ce date de 1929, de la fougue et de l&rsquo;impertinence des vingt-quatre ans du compositeur. Le titre de la pi\u00e8ce s&rsquo;est r\u00e9v\u00e9l\u00e9 n&rsquo;\u00eatre qu&rsquo;un alibi jet\u00e9 en p\u00e2ture aux Futuristes et aux innombrables exalt\u00e9s de l&rsquo;\u00e8re industrielle. Scelsi d\u00e9clara bien plus tard qu&rsquo;il avait en r\u00e9alit\u00e9 \u00e9voqu\u00e9 dans cette composition l&rsquo;acte sexuel. <\/p>\n\n\n\n<p class=\"has-black-color has-white-background-color has-text-color has-background wp-block-paragraph\" style=\"margin-top:var(--wp--preset--spacing--40);margin-right:var(--wp--preset--spacing--40);margin-bottom:var(--wp--preset--spacing--40);margin-left:var(--wp--preset--spacing--40);padding-top:0;padding-right:0;padding-bottom:0;padding-left:0\">Inspir\u00e9s tant par la musique que par cette anecdote, nous avons con\u00e7u ce projet comme une sorte de peep-show visuel et musical au cours duquel les spectateurs sont invit\u00e9s \u00e0 \u00e9pier, par de petites ouvertures pratiqu\u00e9es dans un boudoir circulaire, les faits et gestes des deux musiciens-performers. La paroi qui s\u00e9pare le public de cet espace intime marque la s\u00e9paration de deux univers et l&rsquo;impossibilit\u00e9 pour le spectateur d&rsquo;acc\u00e9der \u00e0 l&rsquo;int\u00e9rieur d\u00e9sirable; cette situation inhabituelle suscite sa curiosit\u00e9, le champ de vision restreint l&rsquo;envie d&rsquo;en voir plus. <\/p>\n\n\n\n<p class=\"has-black-color has-white-background-color has-text-color has-background wp-block-paragraph\" style=\"margin-top:var(--wp--preset--spacing--40);margin-right:var(--wp--preset--spacing--40);margin-bottom:var(--wp--preset--spacing--40);margin-left:var(--wp--preset--spacing--40);padding-top:0;padding-right:0;padding-bottom:0;padding-left:0\">En \u00e9cho \u00e0 l&rsquo;oeuvre de Scelsi, le compositeur et audio-designer b\u00e2lois Volker B\u00f6hm a imagin\u00e9 un pr\u00e9lude qui, non sans humour, accompagne le spectateur dans la d\u00e9couverte de ce salon intime; cette composition \u00e9lectroacoustique plonge le spectateur-\u00e9pieur, par l&rsquo;effet notamment de sub-basses, dans d&rsquo;\u00e9tranges sensations organiques et le conduit peu \u00e0 peu au duo pianistique. <\/p>\n\n\n\n<p class=\"has-black-color has-white-background-color has-text-color has-background wp-block-paragraph\" style=\"margin-top:var(--wp--preset--spacing--40);margin-right:var(--wp--preset--spacing--40);margin-bottom:var(--wp--preset--spacing--40);margin-left:var(--wp--preset--spacing--40);padding-top:0;padding-right:0;padding-bottom:0;padding-left:0\">Con\u00e7u par le plasticien Cyril Macq, l&rsquo;univers visuel, constitu\u00e9 d&rsquo;\u00e9tonnantes protub\u00e9rances, renforce cette sensation organique. Toute en sensualit\u00e9 murmur\u00e9e, comme l&rsquo;\u00e9bauche d&rsquo;une caresse ou le fr\u00f4lement d&rsquo;une \u00e9toffe, cette performance s&rsquo;ouvre sur un monde d&rsquo;\u00e9ther, inconsistant tel un parfum. <\/p>\n\n\n\n<p class=\"has-black-color has-white-background-color has-text-color has-background wp-block-paragraph\" style=\"margin-top:var(--wp--preset--spacing--40);margin-right:var(--wp--preset--spacing--40);margin-bottom:var(--wp--preset--spacing--40);margin-left:var(--wp--preset--spacing--40);padding-top:0;padding-right:0;padding-bottom:0;padding-left:0\">Deux pianos, d&rsquo;abord dissimul\u00e9s sous un paysage vallonn\u00e9 de tergal blanc, apparaissent petit \u00e0 petit, enti\u00e8rement corset\u00e9s. Les actions des musiciens-performers, tout d&rsquo;abord douces, timides, se font plus hardies, intempestives, et finalement presque triviales. Progressivement les deux protagonistes d\u00e9florent par leurs actions cet univers laiteux et lib\u00e8rent ainsi de leur carcan les deux pianos emplis d&rsquo;une abondante s\u00e8ve.<\/p>\n\n\n\n<p class=\"has-black-color has-white-background-color has-text-color has-background wp-block-paragraph\" style=\"margin-top:var(--wp--preset--spacing--40);margin-right:var(--wp--preset--spacing--40);margin-bottom:var(--wp--preset--spacing--40);margin-left:var(--wp--preset--spacing--40);padding-top:0;padding-right:0;padding-bottom:0;padding-left:0\">A partir de cette performance, nous avons r\u00e9alis\u00e9 une vid\u00e9o qui peut \u00eatre projet\u00e9e ind\u00e9pendamment \u00e0 la performance et qui a sa propre pertinence artistique.<\/p>\n<\/div>\n<\/div>\n<\/div>\n","protected":false},"excerpt":{"rendered":"<p>Cette performance \u00e9rotico-musicale a pour point de d\u00e9part l&rsquo;oeuvre pour deux piano du compositeur italien Giacinto Scelsi : Rotativa. Cette pi\u00e8ce date de 1929, de la fougue et de l&rsquo;impertinence des vingt-quatre ans du compositeur. Le titre de la pi\u00e8ce s&rsquo;est r\u00e9v\u00e9l\u00e9 n&rsquo;\u00eatre qu&rsquo;un alibi jet\u00e9 en p\u00e2ture aux Futuristes et aux innombrables exalt\u00e9s de &hellip;<\/p>\n<p class=\"read-more\"> <a class=\"\" href=\"https:\/\/fabricehuggler.com\/?page_id=1588\"> <span class=\"screen-reader-text\">\u00e9Rotativa &#8211; Intentions<\/span> Lire la suite\u00a0\u00bb<\/a><\/p>\n","protected":false},"author":1,"featured_media":0,"parent":0,"menu_order":0,"comment_status":"closed","ping_status":"closed","template":"","meta":{"site-sidebar-layout":"default","site-content-layout":"default","ast-global-header-display":"","ast-main-header-display":"","ast-hfb-above-header-display":"","ast-hfb-below-header-display":"","ast-hfb-mobile-header-display":"","site-post-title":"","ast-breadcrumbs-content":"","ast-featured-img":"","footer-sml-layout":"","theme-transparent-header-meta":"","adv-header-id-meta":"","stick-header-meta":"","header-above-stick-meta":"","header-main-stick-meta":"","header-below-stick-meta":"","footnotes":""},"class_list":["post-1588","page","type-page","status-publish","hentry"],"_links":{"self":[{"href":"https:\/\/fabricehuggler.com\/index.php?rest_route=\/wp\/v2\/pages\/1588","targetHints":{"allow":["GET"]}}],"collection":[{"href":"https:\/\/fabricehuggler.com\/index.php?rest_route=\/wp\/v2\/pages"}],"about":[{"href":"https:\/\/fabricehuggler.com\/index.php?rest_route=\/wp\/v2\/types\/page"}],"author":[{"embeddable":true,"href":"https:\/\/fabricehuggler.com\/index.php?rest_route=\/wp\/v2\/users\/1"}],"replies":[{"embeddable":true,"href":"https:\/\/fabricehuggler.com\/index.php?rest_route=%2Fwp%2Fv2%2Fcomments&post=1588"}],"version-history":[{"count":6,"href":"https:\/\/fabricehuggler.com\/index.php?rest_route=\/wp\/v2\/pages\/1588\/revisions"}],"predecessor-version":[{"id":1598,"href":"https:\/\/fabricehuggler.com\/index.php?rest_route=\/wp\/v2\/pages\/1588\/revisions\/1598"}],"wp:attachment":[{"href":"https:\/\/fabricehuggler.com\/index.php?rest_route=%2Fwp%2Fv2%2Fmedia&parent=1588"}],"curies":[{"name":"wp","href":"https:\/\/api.w.org\/{rel}","templated":true}]}}