{"id":1618,"date":"2023-02-26T12:20:54","date_gmt":"2023-02-26T11:20:54","guid":{"rendered":"https:\/\/fabricehuggler.com\/?page_id=1618"},"modified":"2023-02-26T12:23:51","modified_gmt":"2023-02-26T11:23:51","slug":"autobiographies-notations","status":"publish","type":"page","link":"https:\/\/fabricehuggler.com\/?page_id=1618","title":{"rendered":"Autobiographies &#8211; Intentions"},"content":{"rendered":"\n<div class=\"inherit-container-width wp-block-group has-black-color has-white-background-color has-text-color has-background is-layout-constrained wp-container-core-group-is-layout-a52671cf wp-block-group-is-layout-constrained\" style=\"padding-top:0;padding-right:0;padding-bottom:0;padding-left:0\">\n<div class=\"inherit-container-width wp-block-group has-black-color has-white-background-color has-text-color has-background is-layout-constrained wp-container-core-group-is-layout-f98b228d wp-block-group-is-layout-constrained\" style=\"padding-top:var(--wp--preset--spacing--20);padding-right:var(--wp--preset--spacing--20);padding-bottom:var(--wp--preset--spacing--20);padding-left:var(--wp--preset--spacing--20)\">\n<div class=\"inherit-container-width wp-block-group is-layout-constrained wp-block-group-is-layout-constrained\">\n<div class=\"inherit-container-width wp-block-group is-layout-constrained wp-block-group-is-layout-constrained\">\n<p class=\"has-black-color has-white-background-color has-text-color has-background wp-block-paragraph\" style=\"margin-top:var(--wp--preset--spacing--60);margin-right:var(--wp--preset--spacing--60);margin-bottom:var(--wp--preset--spacing--60);margin-left:var(--wp--preset--spacing--60);padding-top:0;padding-right:0;padding-bottom:0;padding-left:0\"><strong>Luc Ferrari est n\u00e9 \u00e0 Paris en 1929. Il s&rsquo;interroge sur cette premi\u00e8re phrase; d&rsquo;abord 1929. Il a \u00e9crit de nombreuses autobiographies dans lesquelles il falsifiait les dates. L&rsquo;\u00e9criture le rend fou, il ne faut pas lui demander \u00e7a. Et comme il n&rsquo;osait pas se rajeunir, il se vieillissait. Il y a donc des tas de fausses dates qui courent, cela l&rsquo;amusait \u00e0 l&rsquo;\u00e9poque. Maintenant \u00e7a l&rsquo;amuse beaucoup moins! Ensuite, n\u00e9 \u00e0 Paris. Il s&rsquo;interroge: \u00eatre n\u00e9 Paris! Il se demande ce qu&rsquo;il aurait \u00e9t\u00e9 s&rsquo;il \u00e9tait n\u00e9 dans le petit village de son p\u00e8re, en Corse. Il se demande ce qu&rsquo;il aurait \u00e9t\u00e9 s&rsquo;il \u00e9tait n\u00e9 \u00e0 Marseille, la ville de sa m\u00e8re. Il se demande ce qu&rsquo;il aurait \u00e9t\u00e9 s&rsquo;il \u00e9tait n\u00e9 en Italie, le pays de ses anc\u00eatres. Et pour cela, il n&rsquo;a aucune r\u00e9ponse.<\/strong><\/p>\n<\/div>\n\n\n\n<p class=\"has-black-color has-white-background-color has-text-color has-background wp-block-paragraph\" style=\"margin-top:var(--wp--preset--spacing--60);margin-right:var(--wp--preset--spacing--60);margin-bottom:var(--wp--preset--spacing--60);margin-left:var(--wp--preset--spacing--60);padding-top:0;padding-right:0;padding-bottom:0;padding-left:0\">Invit\u00e9 par les Concerts de Musique Contemporaine et par sa directrice artistique Mireille Bellenot \u00e0 participer au Festival Luc Ferrari, j&rsquo;ai imagin\u00e9 un projet de lecture-vid\u00e9o autour des petites autobiographies fictives du compositeur. Luc Ferrari a r\u00e9guli\u00e8rement r\u00e9dig\u00e9 des notices biographiques dans lesquelles il se pla\u00eet, tout comme il le fait dans sa musique, \u00e0 brouiller les pistes, \u00e0 dire la contradiction, \u00e0 d\u00e9faire ce qui pourrait appara\u00eetre. Le terme autobiographies, au pluriel!, marque d\u00e9j\u00e0 une volont\u00e9 d&rsquo;\u00e9chapper aux conventions. Avec ce projet, il s&rsquo;agissait de donner \u00e0 entendre la po\u00e9sie, l&rsquo;humour, la musicalit\u00e9, l&rsquo;histoire pass\u00e9e, le politique, l&rsquo;\u00e9rotisme, l&rsquo;histoire \u00e0 venir et les contradictions qui se d\u00e9gagent de ces autobiographies. Connaissant son amour des femmes et son amour des paysages, ces lectures venaient s&rsquo;ancrer dans un panorama vid\u00e9o r\u00e9alis\u00e9 par le plasticien Cyril Macq. Ce panorama en triptyque (deux projections juxtapos\u00e9es qui se superposent \u00e0 leur jonction) \u00e9tait un voyage \u00e0 travers le corps de la femme. Par un travelling en gros plan, parcourant lentement et avec sinuosit\u00e9 les formes f\u00e9minines et la texture de la peau, le regard du public plongeait dans un paysage irr\u00e9el.<\/p>\n<\/div>\n<\/div>\n<\/div>\n","protected":false},"excerpt":{"rendered":"<p>Luc Ferrari est n\u00e9 \u00e0 Paris en 1929. Il s&rsquo;interroge sur cette premi\u00e8re phrase; d&rsquo;abord 1929. Il a \u00e9crit de nombreuses autobiographies dans lesquelles il falsifiait les dates. L&rsquo;\u00e9criture le rend fou, il ne faut pas lui demander \u00e7a. Et comme il n&rsquo;osait pas se rajeunir, il se vieillissait. Il y a donc des tas &hellip;<\/p>\n<p class=\"read-more\"> <a class=\"\" href=\"https:\/\/fabricehuggler.com\/?page_id=1618\"> <span class=\"screen-reader-text\">Autobiographies &#8211; Intentions<\/span> Lire la suite\u00a0\u00bb<\/a><\/p>\n","protected":false},"author":1,"featured_media":0,"parent":0,"menu_order":0,"comment_status":"closed","ping_status":"closed","template":"","meta":{"site-sidebar-layout":"default","site-content-layout":"default","ast-global-header-display":"","ast-main-header-display":"","ast-hfb-above-header-display":"","ast-hfb-below-header-display":"","ast-hfb-mobile-header-display":"","site-post-title":"","ast-breadcrumbs-content":"","ast-featured-img":"","footer-sml-layout":"","theme-transparent-header-meta":"","adv-header-id-meta":"","stick-header-meta":"","header-above-stick-meta":"","header-main-stick-meta":"","header-below-stick-meta":"","footnotes":""},"class_list":["post-1618","page","type-page","status-publish","hentry"],"_links":{"self":[{"href":"https:\/\/fabricehuggler.com\/index.php?rest_route=\/wp\/v2\/pages\/1618","targetHints":{"allow":["GET"]}}],"collection":[{"href":"https:\/\/fabricehuggler.com\/index.php?rest_route=\/wp\/v2\/pages"}],"about":[{"href":"https:\/\/fabricehuggler.com\/index.php?rest_route=\/wp\/v2\/types\/page"}],"author":[{"embeddable":true,"href":"https:\/\/fabricehuggler.com\/index.php?rest_route=\/wp\/v2\/users\/1"}],"replies":[{"embeddable":true,"href":"https:\/\/fabricehuggler.com\/index.php?rest_route=%2Fwp%2Fv2%2Fcomments&post=1618"}],"version-history":[{"count":5,"href":"https:\/\/fabricehuggler.com\/index.php?rest_route=\/wp\/v2\/pages\/1618\/revisions"}],"predecessor-version":[{"id":1627,"href":"https:\/\/fabricehuggler.com\/index.php?rest_route=\/wp\/v2\/pages\/1618\/revisions\/1627"}],"wp:attachment":[{"href":"https:\/\/fabricehuggler.com\/index.php?rest_route=%2Fwp%2Fv2%2Fmedia&parent=1618"}],"curies":[{"name":"wp","href":"https:\/\/api.w.org\/{rel}","templated":true}]}}