{"id":705,"date":"2023-02-10T16:53:23","date_gmt":"2023-02-10T15:53:23","guid":{"rendered":"https:\/\/fabricehuggler.com\/?page_id=705"},"modified":"2023-02-10T17:00:09","modified_gmt":"2023-02-10T16:00:09","slug":"madame-de-intentions-interview","status":"publish","type":"page","link":"https:\/\/fabricehuggler.com\/?page_id=705","title":{"rendered":"Madame De &#8211; Intentions (interview)"},"content":{"rendered":"\n<div class=\"inherit-container-width wp-block-group has-black-color has-white-background-color has-text-color has-background is-layout-constrained wp-container-core-group-is-layout-a52671cf wp-block-group-is-layout-constrained\" style=\"padding-top:0;padding-right:0;padding-bottom:0;padding-left:0\">\n<div class=\"inherit-container-width wp-block-group has-black-color has-white-background-color has-text-color has-background is-layout-constrained wp-container-core-group-is-layout-f98b228d wp-block-group-is-layout-constrained\" style=\"padding-top:var(--wp--preset--spacing--20);padding-right:var(--wp--preset--spacing--20);padding-bottom:var(--wp--preset--spacing--20);padding-left:var(--wp--preset--spacing--20)\">\n<p class=\"has-black-color has-white-background-color has-text-color has-background has-link-color wp-elements-1 wp-block-paragraph\" style=\"margin-top:var(--wp--preset--spacing--60);margin-right:var(--wp--preset--spacing--60);margin-bottom:var(--wp--preset--spacing--60);margin-left:var(--wp--preset--spacing--60);padding-top:0;padding-right:0;padding-bottom:0;padding-left:0\"><strong>Entretien avec Valentine Savary et Fabrice Huggler<\/strong><\/p>\n\n\n\n<p class=\"has-black-color has-white-background-color has-text-color has-background has-link-color wp-elements-2 wp-block-paragraph\" style=\"margin-top:var(--wp--preset--spacing--60);margin-right:var(--wp--preset--spacing--60);margin-bottom:var(--wp--preset--spacing--60);margin-left:var(--wp--preset--spacing--60);padding-top:0;padding-right:0;padding-bottom:0;padding-left:0\"><em>Valentine Savary, toute l\u2019ann\u00e9e durant, vous avez occup\u00e9 le Gr\u00fctli pour confectionner la robe qui est au c\u0153ur du spectacle Madame de\u2026 Que retirez-vous de cette longue travers\u00e9e ?<\/em><\/p>\n\n\n\n<p class=\"has-black-color has-white-background-color has-text-color has-background has-link-color wp-elements-3 wp-block-paragraph\" style=\"margin-top:var(--wp--preset--spacing--60);margin-right:var(--wp--preset--spacing--60);margin-bottom:var(--wp--preset--spacing--60);margin-left:var(--wp--preset--spacing--60);padding-top:0;padding-right:0;padding-bottom:0;padding-left:0\">Essentiellement une remise en question de ma relation au temps. Ce projet m\u2019a fait d\u00e9couvrir la \u00ab slow-couture \u00bb : pour fabriquer cette tenue, j\u2019ai voulu travailler avec des m\u00e9thodes les plus proches de celles utilis\u00e9es au XVIIIe, cela sous-entendait donc de bannir la machine \u00e0 coudre et de travailler uniquement \u00e0 la main. Je me souviens bien qu\u2019apr\u00e8s avoir fini la toute premi\u00e8re couture de la premi\u00e8re pi\u00e8ce, je me suis dit que jamais je n\u2019arriverais au bout de ce travail ! Petit \u00e0 petit, j\u2019ai trouv\u00e9 un rythme et cela a \u00e9t\u00e9 tr\u00e8s agr\u00e9able, un peu comme une longue m\u00e9ditation. Au final, ce qui \u00e9tait le plus curieux, c\u2019\u00e9tait de me retrouver dans cette bulle\/atelier XVIIIe sur la terrasse du Gr\u00fctli, au milieu de gens dans un tout autre rythme que moi. Et l\u00e0, bam, le covid est arriv\u00e9, le b\u00e2timent s\u2019est presque enti\u00e8rement vid\u00e9 de ses occupants, et j\u2019ai termin\u00e9 la tenue dans un calme royal ;-).<\/p>\n\n\n\n<p class=\"has-black-color has-white-background-color has-text-color has-background has-link-color wp-elements-4 wp-block-paragraph\" style=\"margin-top:var(--wp--preset--spacing--60);margin-right:var(--wp--preset--spacing--60);margin-bottom:var(--wp--preset--spacing--60);margin-left:var(--wp--preset--spacing--60);padding-top:0;padding-right:0;padding-bottom:0;padding-left:0\"><em>Fabrice Huggler, pouvez-vous nous dire quelques mots sur qui \u00e9tait cette \u00ab Madame de ? \u00bb<\/em><\/p>\n\n\n\n<p class=\"has-black-color has-white-background-color has-text-color has-background has-link-color wp-elements-5 wp-block-paragraph\" style=\"margin-top:var(--wp--preset--spacing--60);margin-right:var(--wp--preset--spacing--60);margin-bottom:var(--wp--preset--spacing--60);margin-left:var(--wp--preset--spacing--60);padding-top:0;padding-right:0;padding-bottom:0;padding-left:0\">Eh bien cette Madame De ce n\u2019est personne\u2026 ou peut-\u00eatre tout le monde\u2026 c\u2019est du moins devenu pour moi (en l\u2019amputant de son nom de famille, de celui de son mari surtout, et en ne gardant que la particule) une femme \u00e9ponge, qui a absorb\u00e9 les pens\u00e9es de nombreuses femmes \u00e0 travers les si\u00e8cles. C\u2019est une femme unique mais polymorphe, une v\u00e9nus laide, une insomniaque, une b\u00eate sauvage, une accro du shopping, une gar\u00e7onne, une amante de la nuit, une coquette, une f\u00e9ministe, une fianc\u00e9e abandonn\u00e9e\u2026 Et c\u2019est aussi un peu Madame d\u2019Epinay, qui a \u00e9t\u00e9 (peut-\u00eatre \u00e0 son corps d\u00e9fendant) l\u2019instigatrice de ce projet. Cette femme qui, au 18e si\u00e8cle, s\u2019est octroy\u00e9 le privil\u00e8ge, g\u00e9n\u00e9ralement r\u00e9serv\u00e9 aux hommes, de se montrer sans masque, de penser et d\u2019\u00e9crire.<\/p>\n\n\n\n<p class=\"has-black-color has-white-background-color has-text-color has-background has-link-color wp-elements-6 wp-block-paragraph\" style=\"margin-top:var(--wp--preset--spacing--60);margin-right:var(--wp--preset--spacing--60);margin-bottom:var(--wp--preset--spacing--60);margin-left:var(--wp--preset--spacing--60);padding-top:0;padding-right:0;padding-bottom:0;padding-left:0\"><em>Valentine Savary, l\u2019histoire de la mode est aussi l\u2019histoire des normes sociales, des corps et des genres. Quel est le corps que cette robe construit ?<\/em><\/p>\n\n\n\n<p class=\"has-black-color has-white-background-color has-text-color has-background has-link-color wp-elements-7 wp-block-paragraph\" style=\"margin-top:var(--wp--preset--spacing--60);margin-right:var(--wp--preset--spacing--60);margin-bottom:var(--wp--preset--spacing--60);margin-left:var(--wp--preset--spacing--60);padding-top:0;padding-right:0;padding-bottom:0;padding-left:0\">Un corps tr\u00e8s \u00e9loign\u00e9 du corps anatomique, un corps contraint et qui semble \u00e9trange \u00e0 nos yeux. En effet, nous vivons une \u00e9poque o\u00f9 les v\u00eatements \u00e9pousent les formes du corps \u00e0 l\u2019extr\u00eame, c\u2019est l\u2019influence du sportwear. Presque tous nos v\u00eatements sont en jersey ou contiennent de l\u2019\u00e9lasthanne, pour notre grand confort. Au XVIIIe, sous leurs robes, les femmes portent des v\u00eatements qui transforment et structurent leurs silhouettes : \u2013 les paniers, qui se nouent autour de la taille, cr\u00e9ent du volume sur les hanches; \u2013 les corps \u00e0 baleine enserrent le buste, \u00e9crasent et remontent les seins. Ces \u00e9l\u00e9ments sont rendus rigides par toute sorte de mat\u00e9riaux comme des fanons de baleine, du rotin, du m\u00e9tal\u2026 Les femmes de l\u2019\u00e9poque portaient ce genre de v\u00eatements depuis leur plus jeune \u00e2ge (m\u00eame les petits gar\u00e7ons portent des corps) et donc \u00e9taient habitu\u00e9es a \u00eatre entrav\u00e9es dans leurs mouvements. Pour Rachel, la com\u00e9dienne, c\u2019est une autre affaire ! Le corps \u00e0 baleine est bien plus difficile \u00e0 g\u00e9rer, elle doit trouver son souffle malgr\u00e9 lui.<\/p>\n\n\n\n<p class=\"has-black-color has-white-background-color has-text-color has-background has-link-color wp-elements-8 wp-block-paragraph\" style=\"margin-top:var(--wp--preset--spacing--60);margin-right:var(--wp--preset--spacing--60);margin-bottom:var(--wp--preset--spacing--60);margin-left:var(--wp--preset--spacing--60);padding-top:0;padding-right:0;padding-bottom:0;padding-left:0\"><em>Fabrice Huggler, comment avez-vous pens\u00e9 le passager de cette robe vers la sc\u00e8ne ?<\/em><\/p>\n\n\n\n<p class=\"has-black-color has-white-background-color has-text-color has-background has-link-color wp-elements-9 wp-block-paragraph\" style=\"margin-top:var(--wp--preset--spacing--60);margin-right:var(--wp--preset--spacing--60);margin-bottom:var(--wp--preset--spacing--60);margin-left:var(--wp--preset--spacing--60);padding-top:0;padding-right:0;padding-bottom:0;padding-left:0\">Quand Valentine m\u2019a parl\u00e9 de son d\u00e9sir de reproduire la robe de Madame d\u2019Epinay et m\u2019a demand\u00e9 si j\u2019\u00e9tais int\u00e9ress\u00e9 \u00e0 d\u00e9velopper un projet th\u00e9\u00e2tral \u00e0 partir de cette parure, mon imaginaire s\u2019est tout de suite mis en marche, il s\u2019est m\u00eame mis \u00e0 bondir. Toute notre \u00e9quipe a bien s\u00fbr effectu\u00e9 un travail de recherche consid\u00e9rable (interviews de sp\u00e9cialistes, visites dans les mus\u00e9es et leurs r\u00e9serves, etc.), avec pour point de d\u00e9part le 18e si\u00e8cle, mais il \u00e9tait d\u2019embl\u00e9e clair que je ne souhaitais pas cr\u00e9er un spectacle historique ou documentaire. En redonnant corps \u00e0 une femme peinte vers 1759, je suis parti du principe que ce personnage, qui s\u2019\u00e9veille peu \u00e0 peu devant le public, et dont on scrute l\u2019intimit\u00e9, ce n\u2019est pas une femme dont la pens\u00e9e s\u2019est fig\u00e9e il y a 300 ans. Madame De est bien au contraire une femme qui, pour son bonheur ou son malheur, a absorb\u00e9 les pens\u00e9es de ses \u00ab descendantes \u00bb et porte d\u00e9sormais un regard critique sur l\u2019\u00e9volution de la condition de la femme. D\u00e8s le d\u00e9part, je me suis fix\u00e9 \u00e9galement une autre \u00ab r\u00e8gle \u00bb : cette robe, ou cette femme, telle une Belle au bois dormant, n\u2019allait pas pouvoir se r\u00e9veiller sur sc\u00e8ne d\u2019elle-m\u00eame. Car, puisqu\u2019il faut \u00ab v\u00eatir ceux qui sont nus \u00bb, trois muses contemporaines, anges ou d\u00e9mons, l\u2019entourent constamment, tirant les ficelles de ce spectacle et couvrant peu \u00e0 peu ce corps de v\u00eatements, de musique et de danse.<\/p>\n<\/div>\n<\/div>\n","protected":false},"excerpt":{"rendered":"<p>Entretien avec Valentine Savary et Fabrice Huggler Valentine Savary, toute l\u2019ann\u00e9e durant, vous avez occup\u00e9 le Gr\u00fctli pour confectionner la robe qui est au c\u0153ur du spectacle Madame de\u2026 Que retirez-vous de cette longue travers\u00e9e ? Essentiellement une remise en question de ma relation au temps. Ce projet m\u2019a fait d\u00e9couvrir la \u00ab slow-couture \u00bb &hellip;<\/p>\n<p class=\"read-more\"> <a class=\"\" href=\"https:\/\/fabricehuggler.com\/?page_id=705\"> <span class=\"screen-reader-text\">Madame De &#8211; Intentions (interview)<\/span> Lire la suite\u00a0\u00bb<\/a><\/p>\n","protected":false},"author":1,"featured_media":0,"parent":0,"menu_order":0,"comment_status":"closed","ping_status":"closed","template":"","meta":{"site-sidebar-layout":"default","site-content-layout":"default","ast-global-header-display":"","ast-main-header-display":"","ast-hfb-above-header-display":"","ast-hfb-below-header-display":"","ast-hfb-mobile-header-display":"","site-post-title":"","ast-breadcrumbs-content":"","ast-featured-img":"","footer-sml-layout":"","theme-transparent-header-meta":"","adv-header-id-meta":"","stick-header-meta":"","header-above-stick-meta":"","header-main-stick-meta":"","header-below-stick-meta":"","footnotes":""},"class_list":["post-705","page","type-page","status-publish","hentry"],"_links":{"self":[{"href":"https:\/\/fabricehuggler.com\/index.php?rest_route=\/wp\/v2\/pages\/705","targetHints":{"allow":["GET"]}}],"collection":[{"href":"https:\/\/fabricehuggler.com\/index.php?rest_route=\/wp\/v2\/pages"}],"about":[{"href":"https:\/\/fabricehuggler.com\/index.php?rest_route=\/wp\/v2\/types\/page"}],"author":[{"embeddable":true,"href":"https:\/\/fabricehuggler.com\/index.php?rest_route=\/wp\/v2\/users\/1"}],"replies":[{"embeddable":true,"href":"https:\/\/fabricehuggler.com\/index.php?rest_route=%2Fwp%2Fv2%2Fcomments&post=705"}],"version-history":[{"count":5,"href":"https:\/\/fabricehuggler.com\/index.php?rest_route=\/wp\/v2\/pages\/705\/revisions"}],"predecessor-version":[{"id":711,"href":"https:\/\/fabricehuggler.com\/index.php?rest_route=\/wp\/v2\/pages\/705\/revisions\/711"}],"wp:attachment":[{"href":"https:\/\/fabricehuggler.com\/index.php?rest_route=%2Fwp%2Fv2%2Fmedia&parent=705"}],"curies":[{"name":"wp","href":"https:\/\/api.w.org\/{rel}","templated":true}]}}