{"id":909,"date":"2023-02-12T13:38:40","date_gmt":"2023-02-12T12:38:40","guid":{"rendered":"https:\/\/fabricehuggler.com\/?page_id=909"},"modified":"2023-02-12T14:11:13","modified_gmt":"2023-02-12T13:11:13","slug":"presence-intention","status":"publish","type":"page","link":"https:\/\/fabricehuggler.com\/?page_id=909","title":{"rendered":"Pr\u00e9sence &#8211; Intentions"},"content":{"rendered":"\n<div class=\"inherit-container-width wp-block-group has-black-color has-white-background-color has-text-color has-background is-layout-constrained wp-container-core-group-is-layout-a52671cf wp-block-group-is-layout-constrained\" style=\"padding-top:0;padding-right:0;padding-bottom:0;padding-left:0\">\n<div class=\"inherit-container-width wp-block-group has-black-color has-white-background-color has-text-color has-background is-layout-constrained wp-container-core-group-is-layout-f98b228d wp-block-group-is-layout-constrained\" style=\"padding-top:var(--wp--preset--spacing--20);padding-right:var(--wp--preset--spacing--20);padding-bottom:var(--wp--preset--spacing--20);padding-left:var(--wp--preset--spacing--20)\">\n<div class=\"inherit-container-width wp-block-group is-layout-constrained wp-block-group-is-layout-constrained\">\n<div class=\"inherit-container-width wp-block-group is-layout-constrained wp-block-group-is-layout-constrained\">\n<p class=\"has-black-color has-white-background-color has-text-color has-background wp-block-paragraph\" style=\"margin-top:var(--wp--preset--spacing--60);margin-right:var(--wp--preset--spacing--60);margin-bottom:var(--wp--preset--spacing--60);margin-left:var(--wp--preset--spacing--60);padding-top:0;padding-right:0;padding-bottom:0;padding-left:0\"><strong>Un projet librement inspir\u00e9 de la pi\u00e8ce \u00ab\u00a0Pr\u00e9sence\u00a0\u00bb de Bernd Alois Zimmermann &#8211; Notes pr\u00e9liminaires de travail<\/strong><\/p>\n<\/div>\n\n\n\n<p class=\"has-black-color has-white-background-color has-text-color has-background has-link-color wp-elements-1 wp-block-paragraph\" style=\"margin-top:var(--wp--preset--spacing--60);margin-right:var(--wp--preset--spacing--60);margin-bottom:var(--wp--preset--spacing--60);margin-left:var(--wp--preset--spacing--60);padding-top:0;padding-right:0;padding-bottom:0;padding-left:0\">J\u2019ai \u00e9t\u00e9 approch\u00e9 par un trio de musiciens qui, captiv\u00e9s par \u00ab&nbsp;Pr\u00e9sence&nbsp;\u00bb, l\u2019\u0153uvre du compositeur Bernd Alois Zimmermann, ont pour projet non seulement de l\u2019interpr\u00e9ter &#8211; au sens musical du terme -, mais \u00e9galement de l\u2019explorer sc\u00e9niquement, notamment en interrogeant plus avant les r\u00e9f\u00e9rences litt\u00e9raires et sc\u00e9niques semblant hanter cette \u0153uvre.&nbsp;&nbsp;<\/p>\n\n\n\n<p class=\"has-black-color has-white-background-color has-text-color has-background has-link-color wp-elements-2 wp-block-paragraph\" style=\"margin-top:var(--wp--preset--spacing--60);margin-right:var(--wp--preset--spacing--60);margin-bottom:var(--wp--preset--spacing--60);margin-left:var(--wp--preset--spacing--60);padding-top:0;padding-right:0;padding-bottom:0;padding-left:0\">Pour ma part, m\u2019int\u00e9ressant depuis longtemps \u00e0 la transdisciplinarit\u00e9, aux formes sc\u00e9niques hybrides, notamment celles qui m\u00ealent th\u00e9\u00e2tre et musique, j\u2019ai tr\u00e8s vite \u00e9t\u00e9 s\u00e9duit par leur projet et par l\u2019enthousiasme et la curiosit\u00e9 de ces musiciens. Mais \u00e0 priori, cette \u0153uvre musicale, de par sa structure d\u00e9j\u00e0 tr\u00e8s \u00e9labor\u00e9e et l\u2019investissement virtuose qu\u2019elle n\u00e9cessite, ne laisse en soi que tr\u00e8s peu de marge de man\u0153uvre pour se mettre \u00e0 en faire du \u00ab&nbsp;th\u00e9\u00e2tre&nbsp;\u00bb.<\/p>\n\n\n\n<p class=\"has-black-color has-white-background-color has-text-color has-background has-link-color wp-elements-3 wp-block-paragraph\" style=\"margin-top:var(--wp--preset--spacing--60);margin-right:var(--wp--preset--spacing--60);margin-bottom:var(--wp--preset--spacing--60);margin-left:var(--wp--preset--spacing--60);padding-top:0;padding-right:0;padding-bottom:0;padding-left:0\">Et pourtant\u2026 En parcourant la partition, on ne peut se d\u00e9faire de l\u2019id\u00e9e que celle-ci, faisant maintes allusions \u00e0 des personnages issus de la litt\u00e9rature et du th\u00e9\u00e2tre, tels que la Molly\/P\u00e9n\u00e9lope de Joyce, le P\u00e8re Ubu de Jarry et le Don Quichotte de Cervant\u00e8s, a elle-m\u00eame le d\u00e9sir d\u2019aller au-del\u00e0 de sa simple repr\u00e9sentation sous forme de concert. Cette partition semble bien plut\u00f4t en appeler \u00e0 une profonde r\u00e9flexion sc\u00e9nique qui rendrait sa \u00ab&nbsp;pr\u00e9sence&nbsp;\u00bb sur un plateau, et face \u00e0 un public, plus dense encore.<\/p>\n\n\n\n<p class=\"has-black-color has-white-background-color has-text-color has-background has-link-color wp-elements-4 wp-block-paragraph\" style=\"margin-top:var(--wp--preset--spacing--60);margin-right:var(--wp--preset--spacing--60);margin-bottom:var(--wp--preset--spacing--60);margin-left:var(--wp--preset--spacing--60);padding-top:0;padding-right:0;padding-bottom:0;padding-left:0\">Mais attention, il m\u2019a d\u2019embl\u00e9e paru \u00e9vident qu\u2019un travail sc\u00e9nique autour de cette \u0153uvre ne doit pas nous pousser \u00e0 en tirer une analyse ou une explication. Bien au contraire, ce travail n\u2019aura de r\u00e9el int\u00e9r\u00eat que s\u2019il nous conduit \u00e0 jongler avec les nombreuses sources dont Zimmermann s\u2019est servi et, partant de l\u00e0, \u00e0 en d\u00e9multiplier les possibles pour aboutir au final \u00e0 une foison de \u00ab&nbsp;pr\u00e9sence-s&nbsp;\u00bb, autant multiples que fugaces.<\/p>\n\n\n\n<p class=\"has-black-color has-white-background-color has-text-color has-background has-link-color wp-elements-5 wp-block-paragraph\" style=\"margin-top:var(--wp--preset--spacing--60);margin-right:var(--wp--preset--spacing--60);margin-bottom:var(--wp--preset--spacing--60);margin-left:var(--wp--preset--spacing--60);padding-top:0;padding-right:0;padding-bottom:0;padding-left:0\">Nous avons donc, d\u2019une part, une \u0153uvre musicale plut\u00f4t compacte, d\u2019une trentaine de minutes (qui, nous l\u2019avons dit, laisse, en dehors de sa pure interpr\u00e9tation par le violoniste, la violoncelliste et la pianiste, peu de place \u00e0 d\u2019autres \u00e9v\u00e9nements sc\u00e9niques) et, d\u2019autre part, l\u2019intuition et le d\u00e9sir de&nbsp; r\u00e9agir aux diverses notes et r\u00e9f\u00e9rences sem\u00e9es dans la partition de Zimmerman, d\u2019en d\u00e9velopper une profonde r\u00e9flexion sc\u00e9nique et, partant de l\u00e0, d\u2019imaginer un spectacle pluridisciplinaire au cours duquel les spectateurs verront fugitivement appara\u00eetre des traces de ces pr\u00e9sences h\u00e9t\u00e9roclites.<\/p>\n\n\n\n<p class=\"has-black-color has-white-background-color has-text-color has-background has-link-color wp-elements-6 wp-block-paragraph\" style=\"margin-top:var(--wp--preset--spacing--60);margin-right:var(--wp--preset--spacing--60);margin-bottom:var(--wp--preset--spacing--60);margin-left:var(--wp--preset--spacing--60);padding-top:0;padding-right:0;padding-bottom:0;padding-left:0\">Notre projet sc\u00e9nique inclura donc la pi\u00e8ce de Zimmermann dans un espace\/temps plus vaste que la simple dur\u00e9e de la musique. \u00ab&nbsp;Pr\u00e9sence&nbsp;\u00bb agira alors comme un noyau central, une source d\u2019inspiration dont nous tenterons d\u2019arpenter un amont et un aval pour aboutir \u00e0 une proposition d\u2019une dur\u00e9e plus longue que celle induite par la partition. Notre projet devrait se d\u00e9velopper alors sur environ une heure et \u00eatre pr\u00e9sent\u00e9 comme un travail \u00ab&nbsp;librement inspir\u00e9&nbsp;\u00bb de la pi\u00e8ce du compositeur allemand.<\/p>\n\n\n\n<p class=\"has-black-color has-white-background-color has-text-color has-background has-link-color wp-elements-7 wp-block-paragraph\" style=\"margin-top:var(--wp--preset--spacing--60);margin-right:var(--wp--preset--spacing--60);margin-bottom:var(--wp--preset--spacing--60);margin-left:var(--wp--preset--spacing--60);padding-top:0;padding-right:0;padding-bottom:0;padding-left:0\">Mais de quoi seront donc constitu\u00e9s&nbsp;ces parties contig\u00fces et comment s\u2019imbriqueront-elles&nbsp;? C\u2019est bien entendu ce que nous d\u00e9couvrirons durant le processus d\u2019\u00e9laboration et le pr\u00e9cieux temps des r\u00e9p\u00e9titions, mais les pistes sont d\u00e9j\u00e0 nombreuses et promettent beaucoup.<\/p>\n\n\n\n<p class=\"has-black-color has-white-background-color has-text-color has-background has-link-color wp-elements-8 wp-block-paragraph\" style=\"margin-top:var(--wp--preset--spacing--60);margin-right:var(--wp--preset--spacing--60);margin-bottom:var(--wp--preset--spacing--60);margin-left:var(--wp--preset--spacing--60);padding-top:0;padding-right:0;padding-bottom:0;padding-left:0\">Le titre, \u00ab&nbsp;Pr\u00e9sence&nbsp;\u00bb, sera d\u00e9j\u00e0 le premier \u00e9l\u00e9ment que nous allons questionner. Comment des musiciens, qui g\u00e9n\u00e9ralement s\u2019expriment \u00e0 travers leur instrument, marqueront-ils la sc\u00e8ne de leur pr\u00e9sence&nbsp;?&nbsp; Que feront-ils lorsqu\u2019ils ne seront pas occup\u00e9s \u00e0 jouer la pi\u00e8ce de Zimmermann&nbsp;?&nbsp; Et qu\u2019incarneront-ils&nbsp;? On touche l\u00e0 \u00e0 des th\u00e8mes qu\u2019on ne cesse, et qu\u2019on ne cessera probablement jamais, d\u2019interroger au th\u00e9\u00e2tre&nbsp;: lorsque l\u2019on entre sur sc\u00e8ne, sommes-nous nous-m\u00eames, sommes-nous des interpr\u00e8tes, sommes-nous des personnages&nbsp;? Sur sc\u00e8ne, faut-il \u00ab&nbsp;\u00eatre ou ne pas \u00eatre&nbsp;\u00bb&nbsp;? Incarner ou se distancier&nbsp;?<\/p>\n\n\n\n<p class=\"has-black-color has-white-background-color has-text-color has-background has-link-color wp-elements-9 wp-block-paragraph\" style=\"margin-top:var(--wp--preset--spacing--60);margin-right:var(--wp--preset--spacing--60);margin-bottom:var(--wp--preset--spacing--60);margin-left:var(--wp--preset--spacing--60);padding-top:0;padding-right:0;padding-bottom:0;padding-left:0\">Passons maintenant au sous-titre, Ballet blanc en cinq sc\u00e8nes, et \u00e0 la distribution dans laquelle Zimmermann fait tout \u00e0 coup appara\u00eetre, en plus des musiciens\/personnages, un myst\u00e9rieux \u00ab&nbsp;speaker&nbsp;\u00bb, lequel doit \u00eatre une sorte de \u00ab&nbsp;chef d\u2019orchestre&nbsp;\u00bb et surtout \u00ab&nbsp;avoir une certaine connaissance de la danse&nbsp;\u00bb. Une nouvelle discipline vient donc s\u2019ajouter \u00e0 la musique et au th\u00e9\u00e2tre, renfor\u00e7ant plus encore la dimension pluridisciplinaire que nous souhaitons apporter \u00e0 notre projet. Qu\u2019\u00e0 cela ne tienne, nous inviterons un danseur \u00e0 rejoindre nos trois musiciens pour ce \u00ab&nbsp;corps&nbsp;\u00bb de ballet bien particulier&nbsp;!<\/p>\n\n\n\n<p class=\"has-black-color has-white-background-color has-text-color has-background has-link-color wp-elements-10 wp-block-paragraph\" style=\"margin-top:var(--wp--preset--spacing--60);margin-right:var(--wp--preset--spacing--60);margin-bottom:var(--wp--preset--spacing--60);margin-left:var(--wp--preset--spacing--60);padding-top:0;padding-right:0;padding-bottom:0;padding-left:0\">Pour terminer cette note pr\u00e9liminaire, je mentionnerai encore l\u2019un des mat\u00e9riaux que j\u2019aimerais insuffler, aux c\u00f4t\u00e9s de la danse et de la musique, dans notre travail de cr\u00e9ation, \u00e0 savoir les textes de Joyce, Jarry et Cervant\u00e8s, cit\u00e9s explicitement par Zimmermann. Ce sont l\u00e0 des \u0153uvres majeures et colossales qu\u2019il nous sera bien entendu totalement impossible de rendre dans leur globalit\u00e9. N\u00e9anmoins, il me para\u00eet int\u00e9ressant d\u2019en extraire des fragments et, comme le compositeur l\u2019a lui-m\u00eame fait dans sa partition avec Strauss et Prokofiev, d\u2019en donner \u00e0 entendre de courts extraits, comme le jaillissement, \u00e0 travers la voix des musiciens et du danseur, de brefs instants narratifs.<\/p>\n\n\n\n<p class=\"has-black-color has-white-background-color has-text-color has-background has-link-color wp-elements-11 wp-block-paragraph\" style=\"margin-top:0;margin-right:0;margin-bottom:0;margin-left:0;padding-top:0;padding-right:0;padding-bottom:0;padding-left:0\">Nous entrapercevrons ainsi une vaste galerie de personnages dont&nbsp;:<\/p>\n\n\n\n<p class=\"has-black-color has-white-background-color has-text-color has-background has-link-color wp-elements-12 wp-block-paragraph\" style=\"margin-top:var(--wp--preset--spacing--60);margin-right:var(--wp--preset--spacing--60);margin-bottom:var(--wp--preset--spacing--60);margin-left:var(--wp--preset--spacing--60);padding-top:0;padding-right:0;padding-bottom:0;padding-left:0\"><em>&#8211; une P\u00e9n\u00e9lope qui, de Hom\u00e8re \u00e0 Joyce, n\u2019existe qu\u2019\u00e0 travers l\u2019absence de son mari mais qui se d\u00e9cidera pourtant, chez Joyce du moins, \u00e0 se d\u00e9barrasser de son voile \u00e9ternel et \u00e0 imposer pleinement son corps de femme, vivant ses d\u00e9sirs adult\u00e8res sans plus aucune forme de pudeur&nbsp;;<\/em><\/p>\n\n\n\n<p class=\"has-black-color has-text-color has-link-color wp-elements-13 wp-block-paragraph\" style=\"margin-top:var(--wp--preset--spacing--60);margin-right:var(--wp--preset--spacing--60);margin-bottom:var(--wp--preset--spacing--60);margin-left:var(--wp--preset--spacing--60);padding-top:0;padding-right:0;padding-bottom:0;padding-left:0\">&#8211; <em>un roi fantoche qui finira par crier au monde un sonore et provocant gros \u00ab&nbsp;Merdre&nbsp;\u00bb&nbsp;;<\/em><\/p>\n\n\n\n<p class=\"has-black-color has-white-background-color has-text-color has-background has-link-color wp-elements-14 wp-block-paragraph\" style=\"margin-top:var(--wp--preset--spacing--60);margin-right:var(--wp--preset--spacing--60);margin-bottom:var(--wp--preset--spacing--60);margin-left:var(--wp--preset--spacing--60);padding-top:0;padding-right:0;padding-bottom:0;padding-left:0\">&#8211; <em>un personnage d\u00e9gingand\u00e9, mont\u00e9 sur un vieux cheval, se jetant \u00e0 corps perdu dans une bataille contre des moulins \u00e0 vent\u2026<\/em><\/p>\n\n\n\n<ul class=\"wp-block-list\"><\/ul>\n\n\n\n<p class=\"has-black-color has-white-background-color has-text-color has-background has-link-color wp-elements-15 wp-block-paragraph\" style=\"margin-top:var(--wp--preset--spacing--60);margin-right:var(--wp--preset--spacing--60);margin-bottom:var(--wp--preset--spacing--60);margin-left:var(--wp--preset--spacing--60);padding-top:0;padding-right:0;padding-bottom:0;padding-left:0\">Les personnages qu\u2019avec Zimmermann nous convoquerons dans notre spectacle nous promettent d\u2019\u00eatre \u00e0 la fois fantomatiques et tr\u00e8s \u00ab&nbsp;pr\u00e9sents&nbsp;\u00bb&nbsp;!<\/p>\n<\/div>\n<\/div>\n<\/div>\n","protected":false},"excerpt":{"rendered":"<p>Un projet librement inspir\u00e9 de la pi\u00e8ce \u00ab\u00a0Pr\u00e9sence\u00a0\u00bb de Bernd Alois Zimmermann &#8211; Notes pr\u00e9liminaires de travail J\u2019ai \u00e9t\u00e9 approch\u00e9 par un trio de musiciens qui, captiv\u00e9s par \u00ab&nbsp;Pr\u00e9sence&nbsp;\u00bb, l\u2019\u0153uvre du compositeur Bernd Alois Zimmermann, ont pour projet non seulement de l\u2019interpr\u00e9ter &#8211; au sens musical du terme -, mais \u00e9galement de l\u2019explorer sc\u00e9niquement, notamment &hellip;<\/p>\n<p class=\"read-more\"> <a class=\"\" href=\"https:\/\/fabricehuggler.com\/?page_id=909\"> <span class=\"screen-reader-text\">Pr\u00e9sence &#8211; Intentions<\/span> Lire la suite\u00a0\u00bb<\/a><\/p>\n","protected":false},"author":1,"featured_media":0,"parent":0,"menu_order":0,"comment_status":"closed","ping_status":"closed","template":"","meta":{"site-sidebar-layout":"default","site-content-layout":"default","ast-global-header-display":"","ast-main-header-display":"","ast-hfb-above-header-display":"","ast-hfb-below-header-display":"","ast-hfb-mobile-header-display":"","site-post-title":"","ast-breadcrumbs-content":"","ast-featured-img":"","footer-sml-layout":"","theme-transparent-header-meta":"","adv-header-id-meta":"","stick-header-meta":"","header-above-stick-meta":"","header-main-stick-meta":"","header-below-stick-meta":"","footnotes":""},"class_list":["post-909","page","type-page","status-publish","hentry"],"_links":{"self":[{"href":"https:\/\/fabricehuggler.com\/index.php?rest_route=\/wp\/v2\/pages\/909","targetHints":{"allow":["GET"]}}],"collection":[{"href":"https:\/\/fabricehuggler.com\/index.php?rest_route=\/wp\/v2\/pages"}],"about":[{"href":"https:\/\/fabricehuggler.com\/index.php?rest_route=\/wp\/v2\/types\/page"}],"author":[{"embeddable":true,"href":"https:\/\/fabricehuggler.com\/index.php?rest_route=\/wp\/v2\/users\/1"}],"replies":[{"embeddable":true,"href":"https:\/\/fabricehuggler.com\/index.php?rest_route=%2Fwp%2Fv2%2Fcomments&post=909"}],"version-history":[{"count":5,"href":"https:\/\/fabricehuggler.com\/index.php?rest_route=\/wp\/v2\/pages\/909\/revisions"}],"predecessor-version":[{"id":922,"href":"https:\/\/fabricehuggler.com\/index.php?rest_route=\/wp\/v2\/pages\/909\/revisions\/922"}],"wp:attachment":[{"href":"https:\/\/fabricehuggler.com\/index.php?rest_route=%2Fwp%2Fv2%2Fmedia&parent=909"}],"curies":[{"name":"wp","href":"https:\/\/api.w.org\/{rel}","templated":true}]}}