{"id":916,"date":"2023-02-12T14:07:48","date_gmt":"2023-02-12T13:07:48","guid":{"rendered":"https:\/\/fabricehuggler.com\/?page_id=916"},"modified":"2023-02-12T14:31:21","modified_gmt":"2023-02-12T13:31:21","slug":"variete-intentions","status":"publish","type":"page","link":"https:\/\/fabricehuggler.com\/?page_id=916","title":{"rendered":"Vari\u00e9t\u00e9 &#8211; Intentions"},"content":{"rendered":"\n<div class=\"inherit-container-width wp-block-group has-black-color has-white-background-color has-text-color has-background is-layout-constrained wp-container-core-group-is-layout-a52671cf wp-block-group-is-layout-constrained\" style=\"padding-top:0;padding-right:0;padding-bottom:0;padding-left:0\">\n<div class=\"inherit-container-width wp-block-group has-black-color has-white-background-color has-text-color has-background is-layout-constrained wp-container-core-group-is-layout-f98b228d wp-block-group-is-layout-constrained\" style=\"padding-top:var(--wp--preset--spacing--20);padding-right:var(--wp--preset--spacing--20);padding-bottom:var(--wp--preset--spacing--20);padding-left:var(--wp--preset--spacing--20)\">\n<div class=\"inherit-container-width wp-block-group is-layout-constrained wp-block-group-is-layout-constrained\">\n<div class=\"inherit-container-width wp-block-group is-layout-constrained wp-block-group-is-layout-constrained\">\n<p class=\"has-black-color has-white-background-color has-text-color has-background wp-block-paragraph\" style=\"margin-top:var(--wp--preset--spacing--60);margin-right:var(--wp--preset--spacing--60);margin-bottom:var(--wp--preset--spacing--60);margin-left:var(--wp--preset--spacing--60);padding-top:0;padding-right:0;padding-bottom:0;padding-left:0\"><strong>Notes pr\u00e9liminaires de travail<\/strong><\/p>\n<\/div>\n\n\n\n<p class=\"has-black-color has-white-background-color has-text-color has-background wp-block-paragraph\" style=\"margin-top:var(--wp--preset--spacing--40);margin-right:var(--wp--preset--spacing--40);margin-bottom:var(--wp--preset--spacing--40);margin-left:var(--wp--preset--spacing--40);padding-top:0;padding-right:0;padding-bottom:0;padding-left:0\">Apr\u00e8s avoir m\u00eal\u00e9 \u00e0 mes cr\u00e9ations des musiques classiques et contemporaines&nbsp;:<\/p>\n\n\n\n<p class=\"has-black-color has-white-background-color has-text-color has-background wp-block-paragraph\" style=\"margin-top:var(--wp--preset--spacing--20);margin-right:var(--wp--preset--spacing--20);margin-bottom:var(--wp--preset--spacing--20);margin-left:var(--wp--preset--spacing--20);padding-top:0;padding-right:0;padding-bottom:0;padding-left:0\">&#8211; Chopin<\/p>\n\n\n\n<p class=\"has-black-color has-white-background-color has-text-color has-background wp-block-paragraph\" style=\"margin-top:var(--wp--preset--spacing--20);margin-right:var(--wp--preset--spacing--20);margin-bottom:var(--wp--preset--spacing--20);margin-left:var(--wp--preset--spacing--20);padding-top:0;padding-right:0;padding-bottom:0;padding-left:0\">&#8211; Debussy, Purcell, Scelsi, et Bach<\/p>\n\n\n\n<p class=\"has-black-color has-white-background-color has-text-color has-background wp-block-paragraph\" style=\"margin-top:var(--wp--preset--spacing--40);margin-right:var(--wp--preset--spacing--40);margin-bottom:var(--wp--preset--spacing--40);margin-left:var(--wp--preset--spacing--40);padding-top:0;padding-right:0;padding-bottom:0;padding-left:0\">command\u00e9 \u00e0 des compositeurs et \u00e0 des sound-designers des musiques de sc\u00e8nes et des univers sonores&nbsp;:<\/p>\n\n\n\n<p class=\"has-black-color has-white-background-color has-text-color has-background wp-block-paragraph\" style=\"margin-top:var(--wp--preset--spacing--20);margin-right:var(--wp--preset--spacing--20);margin-bottom:var(--wp--preset--spacing--20);margin-left:var(--wp--preset--spacing--20);padding-top:0;padding-right:0;padding-bottom:0;padding-left:0\">&#8211; Claude Berset<\/p>\n\n\n\n<p class=\"has-black-color has-white-background-color has-text-color has-background wp-block-paragraph\" style=\"margin-top:var(--wp--preset--spacing--20);margin-right:var(--wp--preset--spacing--20);margin-bottom:var(--wp--preset--spacing--20);margin-left:var(--wp--preset--spacing--20);padding-top:0;padding-right:0;padding-bottom:0;padding-left:0\">&#8211; Yves Massy<\/p>\n\n\n\n<p class=\"has-black-color has-white-background-color has-text-color has-background wp-block-paragraph\" style=\"margin-top:var(--wp--preset--spacing--20);margin-right:var(--wp--preset--spacing--20);margin-bottom:var(--wp--preset--spacing--20);margin-left:var(--wp--preset--spacing--20);padding-top:0;padding-right:0;padding-bottom:0;padding-left:0\">&#8211; G\u00e9rard Burger<\/p>\n\n\n\n<p class=\"has-black-color has-white-background-color has-text-color has-background wp-block-paragraph\" style=\"margin-top:var(--wp--preset--spacing--40);margin-right:var(--wp--preset--spacing--40);margin-bottom:var(--wp--preset--spacing--40);margin-left:var(--wp--preset--spacing--40);padding-top:0;padding-right:0;padding-bottom:0;padding-left:0\">mis en sc\u00e8ne des op\u00e9ras d\u2019hier et d\u2019aujourd\u2019hui&nbsp;:<\/p>\n\n\n\n<p class=\"has-black-color has-white-background-color has-text-color has-background wp-block-paragraph\" style=\"margin-top:var(--wp--preset--spacing--20);margin-right:var(--wp--preset--spacing--20);margin-bottom:var(--wp--preset--spacing--20);margin-left:var(--wp--preset--spacing--20);padding-top:0;padding-right:0;padding-bottom:0;padding-left:0\">&#8211; Leos Janacek<\/p>\n\n\n\n<p class=\"has-black-color has-white-background-color has-text-color has-background wp-block-paragraph\" style=\"margin-top:var(--wp--preset--spacing--20);margin-right:var(--wp--preset--spacing--20);margin-bottom:var(--wp--preset--spacing--20);margin-left:var(--wp--preset--spacing--20);padding-top:0;padding-right:0;padding-bottom:0;padding-left:0\">&#8211; Claude Berset<\/p>\n\n\n\n<p class=\"has-black-color has-white-background-color has-text-color has-background wp-block-paragraph\" style=\"margin-top:var(--wp--preset--spacing--20);margin-right:var(--wp--preset--spacing--20);margin-bottom:var(--wp--preset--spacing--20);margin-left:var(--wp--preset--spacing--20);padding-top:0;padding-right:0;padding-bottom:0;padding-left:0\">&#8211; Pierre Bartholom\u00e9e<\/p>\n\n\n\n<p class=\"has-black-color has-white-background-color has-text-color has-background wp-block-paragraph\" style=\"margin-top:var(--wp--preset--spacing--40);margin-right:var(--wp--preset--spacing--40);margin-bottom:var(--wp--preset--spacing--40);margin-left:var(--wp--preset--spacing--40);padding-top:0;padding-right:0;padding-bottom:0;padding-left:0\">et r\u00e9pondu \u00e0 des invitations pour concevoir et mettre en sc\u00e8ne des projets de th\u00e9\u00e2tre musical et des performances pluridisciplinaires&nbsp;:<\/p>\n\n\n\n<p class=\"has-black-color has-white-background-color has-text-color has-background wp-block-paragraph\" style=\"margin-top:var(--wp--preset--spacing--20);margin-right:var(--wp--preset--spacing--20);margin-bottom:var(--wp--preset--spacing--20);margin-left:var(--wp--preset--spacing--20);padding-top:0;padding-right:0;padding-bottom:0;padding-left:0\">&#8211; La Fanfare du Loup<\/p>\n\n\n\n<p class=\"has-black-color has-white-background-color has-text-color has-background wp-block-paragraph\" style=\"margin-top:var(--wp--preset--spacing--20);margin-right:var(--wp--preset--spacing--20);margin-bottom:var(--wp--preset--spacing--20);margin-left:var(--wp--preset--spacing--20);padding-top:0;padding-right:0;padding-bottom:0;padding-left:0\">&#8211; Luc Ferrari<\/p>\n\n\n\n<p class=\"has-black-color has-white-background-color has-text-color has-background wp-block-paragraph\" style=\"margin-top:var(--wp--preset--spacing--20);margin-right:var(--wp--preset--spacing--20);margin-bottom:var(--wp--preset--spacing--20);margin-left:var(--wp--preset--spacing--20);padding-top:0;padding-right:0;padding-bottom:0;padding-left:0\">&#8211; Giacinto Scelsi et Volker B\u00f6hm<\/p>\n\n\n\n<p class=\"has-black-color has-white-background-color has-text-color has-background wp-block-paragraph\" style=\"margin-top:var(--wp--preset--spacing--20);margin-right:var(--wp--preset--spacing--20);margin-bottom:var(--wp--preset--spacing--20);margin-left:var(--wp--preset--spacing--20);padding-top:0;padding-right:0;padding-bottom:0;padding-left:0\">&#8211; George Antheil<\/p>\n\n\n\n<p class=\"has-black-color has-white-background-color has-text-color has-background wp-block-paragraph\" style=\"margin-top:var(--wp--preset--spacing--20);margin-right:var(--wp--preset--spacing--20);margin-bottom:var(--wp--preset--spacing--20);margin-left:var(--wp--preset--spacing--20);padding-top:0;padding-right:0;padding-bottom:0;padding-left:0\">&#8211; Stravinsky, Cowell, Satie, Webern, Bloch, Mossolow, Hindemith et Krenek<\/p>\n\n\n\n<p class=\"has-black-color has-white-background-color has-text-color has-background wp-block-paragraph\" style=\"margin-top:var(--wp--preset--spacing--20);margin-right:var(--wp--preset--spacing--20);margin-bottom:var(--wp--preset--spacing--20);margin-left:var(--wp--preset--spacing--20);padding-top:0;padding-right:0;padding-bottom:0;padding-left:0\">&#8211; Bernd Alois Zimmermann<\/p>\n\n\n\n<p class=\"has-black-color has-white-background-color has-text-color has-background wp-block-paragraph\" style=\"margin-top:var(--wp--preset--spacing--40);margin-right:var(--wp--preset--spacing--40);margin-bottom:var(--wp--preset--spacing--40);margin-left:var(--wp--preset--spacing--40);padding-top:0;padding-right:0;padding-bottom:0;padding-left:0\">s\u2019il y a bien un compositeur qui me pendait au nez,<\/p>\n\n\n\n<p class=\"has-black-color has-white-background-color has-text-color has-background wp-block-paragraph\" style=\"margin-top:var(--wp--preset--spacing--40);margin-right:var(--wp--preset--spacing--40);margin-bottom:var(--wp--preset--spacing--40);margin-left:var(--wp--preset--spacing--40);padding-top:0;padding-right:0;padding-bottom:0;padding-left:0\">un compositeur qui s\u2019est int\u00e9ress\u00e9 peut-\u00eatre plus que quiconque aux liens entre musique et th\u00e9\u00e2tre,<\/p>\n\n\n\n<p class=\"has-black-color has-white-background-color has-text-color has-background wp-block-paragraph\" style=\"margin-top:var(--wp--preset--spacing--40);margin-right:var(--wp--preset--spacing--40);margin-bottom:var(--wp--preset--spacing--40);margin-left:var(--wp--preset--spacing--40);padding-top:0;padding-right:0;padding-bottom:0;padding-left:0\">un compositeur qui a lui-m\u00eame souvent imagin\u00e9, conjointement aux notes qu\u2019il fixait sur des partitions, des espaces sc\u00e9niques susceptibles des les accueillir,<\/p>\n\n\n\n<p class=\"has-black-color has-white-background-color has-text-color has-background wp-block-paragraph\" style=\"margin-top:var(--wp--preset--spacing--40);margin-right:var(--wp--preset--spacing--40);margin-bottom:var(--wp--preset--spacing--40);margin-left:var(--wp--preset--spacing--40);padding-top:0;padding-right:0;padding-bottom:0;padding-left:0\">un compositeur pour qui l\u2019on a sp\u00e9cialement ouvert, en 1974, une chaire de th\u00e9\u00e2tre musical \u00e0 la <em>Hochschule f\u00fcr Musik <\/em>de Cologne,<\/p>\n\n\n\n<p class=\"has-black-color has-white-background-color has-text-color has-background wp-block-paragraph\" style=\"margin-top:var(--wp--preset--spacing--40);margin-right:var(--wp--preset--spacing--40);margin-bottom:var(--wp--preset--spacing--40);margin-left:var(--wp--preset--spacing--40);padding-top:0;padding-right:0;padding-bottom:0;padding-left:0\">ce compositeur &#8211; chef d\u2019orchestre, metteur en sc\u00e8ne, r\u00e9alisateur et producteur&nbsp;! &#8211; dont l\u2019une des \u0153uvres devait finir par se trouver in\u00e9vitablement sur mon chemin, c\u2019est bien&nbsp;:<\/p>\n\n\n\n<p class=\"has-black-color has-white-background-color has-text-color has-background wp-block-paragraph\" style=\"margin-top:var(--wp--preset--spacing--20);margin-right:var(--wp--preset--spacing--20);margin-bottom:var(--wp--preset--spacing--20);margin-left:var(--wp--preset--spacing--20);padding-top:0;padding-right:0;padding-bottom:0;padding-left:0\">&#8211; Mauricio Kagel\u00a0!<\/p>\n\n\n\n<p class=\"has-black-color has-white-background-color has-text-color has-background wp-block-paragraph\" style=\"margin-top:var(--wp--preset--spacing--40);margin-right:var(--wp--preset--spacing--40);margin-bottom:var(--wp--preset--spacing--40);margin-left:var(--wp--preset--spacing--40);padding-top:0;padding-right:0;padding-bottom:0;padding-left:0\">Alors que nous \u00e9tions en train de plancher sur la cr\u00e9ation du spectacle \u00ab&nbsp;Pr\u00e9sence&nbsp;\u00bb, d\u2019apr\u00e8s la partition \u00e9ponyme du compositeur allemand Bernd Alois Zimmermann, la violoncelliste Jo\u00eblle Mauris m\u2019a fait part de son int\u00e9r\u00eat pour l\u2019\u0153uvre de l\u2019argentin Mauricio Kagel et plus particuli\u00e8rement pour sa pi\u00e8ce \u00ab&nbsp;Vari\u00e9t\u00e9&nbsp;\u00bb, dont la version \u00ab&nbsp;concert-spectacle&nbsp;\u00bb fait se rencontrer musiciens et acrobates.<\/p>\n\n\n\n<p class=\"has-black-color has-white-background-color has-text-color has-background wp-block-paragraph\" style=\"margin-top:var(--wp--preset--spacing--40);margin-right:var(--wp--preset--spacing--40);margin-bottom:var(--wp--preset--spacing--40);margin-left:var(--wp--preset--spacing--40);padding-top:0;padding-right:0;padding-bottom:0;padding-left:0\">Passionn\u00e9 par l\u2019interdisciplinarit\u00e9 artistique, j\u2019ai d\u00e9j\u00e0 eu l\u2019occasion de r\u00e9unir sur un m\u00eame plateau musiciens, chanteurs, acteurs et danseurs, mais n\u2019ai encore jamais travaill\u00e9 avec des acrobates. Cette nouvelle perspective a suscit\u00e9 ma curiosit\u00e9. J\u2019ai \u00e9cout\u00e9 un enregistrement de \u00ab&nbsp;Vari\u00e9t\u00e9&nbsp;\u00bb et Jo\u00eblle m\u2019a rapidement propos\u00e9 de m\u2019entretenir avec l\u2019enthousiaste et \u00e9nergique Hugo Beretta, en charge ici de la coordination circassienne et de la communication. Il n\u2019en fallait pas plus pour me voir embarqu\u00e9 dans ce nouveau projet.<\/p>\n\n\n\n<p class=\"has-black-color has-white-background-color has-text-color has-background wp-block-paragraph\" style=\"margin-top:var(--wp--preset--spacing--40);margin-right:var(--wp--preset--spacing--40);margin-bottom:var(--wp--preset--spacing--40);margin-left:var(--wp--preset--spacing--40);padding-top:0;padding-right:0;padding-bottom:0;padding-left:0\">A l\u2019\u00e9coute de cette musique, \u00e0 l\u2019instrumentation particuli\u00e8rement atypique et au caract\u00e8re fantaisiste, l\u2019on comprend pourquoi Mauricio Kagel s\u2019est int\u00e9ress\u00e9 au cin\u00e9ma, \u00e0 la radio et \u00e0 l\u2019animation. \u00ab&nbsp;Vari\u00e9t\u00e9&nbsp;\u00bb semble contenir en soi une sorte de trame narrative, ou plut\u00f4t des trames narratives, onze pour \u00eatre exact, se succ\u00e9dant et se r\u00e9pondant tout au long des diff\u00e9rents mouvements. Le titre lui-m\u00eame \u00e9voque l\u2019univers du cabaret, du music-hall ou encore, bien entendu, celui des soir\u00e9es de vari\u00e9t\u00e9s o\u00f9 se succ\u00e8dent num\u00e9ros d\u2019artistes et sketchs.<\/p>\n\n\n\n<p class=\"has-black-color has-white-background-color has-text-color has-background wp-block-paragraph\" style=\"margin-top:var(--wp--preset--spacing--40);margin-right:var(--wp--preset--spacing--40);margin-bottom:var(--wp--preset--spacing--40);margin-left:var(--wp--preset--spacing--40);padding-top:0;padding-right:0;padding-bottom:0;padding-left:0\">Il s\u2019agira donc pour moi d\u2019imaginer, avec la pr\u00e9cieuse complicit\u00e9 de Cindy Mossion (chor\u00e9graphe sp\u00e9cialis\u00e9e en acrobatie) et celle des six acrobates professionnels, des num\u00e9ros dont les ressorts dramatiques s\u2019inspireront des univers musicaux et des temporalit\u00e9s tr\u00e8s contrast\u00e9es propos\u00e9s par Kagel&nbsp;; de faire en sorte que la musique et les num\u00e9ros des acrobates se rejoignent et dialoguent ou, \u00e0 l\u2019inverse, qu\u2019ils se combattent et se heurtent par instants.<\/p>\n\n\n\n<p class=\"has-black-color has-white-background-color has-text-color has-background wp-block-paragraph\" style=\"margin-top:var(--wp--preset--spacing--40);margin-right:var(--wp--preset--spacing--40);margin-bottom:var(--wp--preset--spacing--40);margin-left:var(--wp--preset--spacing--40);padding-top:0;padding-right:0;padding-bottom:0;padding-left:0\">Il me faudra \u00e9galement d\u00e9velopper un fil rouge, qui traversera tout le spectacle, comme savent souvent le faire, dans les cabarets, les Ma\u00eetres de c\u00e9r\u00e9monie, et ne pas r\u00e9duire les musiciens et leur chef d\u2019orchestre au simple r\u00f4le qu\u2019ils occuperaient dans une fosse d\u2019orchestre mais, bien au contraire, t\u00e2cher de les int\u00e9grer physiquement au spectacle et cr\u00e9er des liens entre eux et les acrobates.<\/p>\n\n\n\n<p class=\"has-black-color has-white-background-color has-text-color has-background wp-block-paragraph\" style=\"margin-top:var(--wp--preset--spacing--40);margin-right:var(--wp--preset--spacing--40);margin-bottom:var(--wp--preset--spacing--40);margin-left:var(--wp--preset--spacing--40);padding-top:0;padding-right:0;padding-bottom:0;padding-left:0\">Par le pass\u00e9, j\u2019ai souvent cherch\u00e9 \u00e0 amplifier la dimension verticale des espaces sc\u00e9niques, pla\u00e7ant un com\u00e9dien \u00ab&nbsp;dans les airs&nbsp;\u00bb, au-dessus de musiciens justement, perchant un pianiste et son piano \u00e0 queue \u00e0 cinq m\u00e8tres de hauteur, imaginant des sc\u00e9nographies et des \u00e9crans vid\u00e9os se d\u00e9ployant jusqu\u2019\u00e0 une hauteur de quinze m\u00e8tres, avec ce nouveau projet acrobatique je pourrai ainsi exploiter plus avant encore cette verticalit\u00e9, tout en cr\u00e9ant des liens avec la dimension horizontale r\u00e9serv\u00e9e elle, \u00e0 priori, au chef d\u2019orchestre et aux musiciens.<\/p>\n\n\n\n<p class=\"has-black-color has-white-background-color has-text-color has-background wp-block-paragraph\" style=\"margin-top:var(--wp--preset--spacing--40);margin-right:var(--wp--preset--spacing--40);margin-bottom:var(--wp--preset--spacing--40);margin-left:var(--wp--preset--spacing--40);padding-top:0;padding-right:0;padding-bottom:0;padding-left:0\">Tout comme les acrobates semblent questionner par leur pratique une \u00ab&nbsp;m\u00e9ta-physique&nbsp;\u00bb du corps, viser un au-del\u00e0 des lois de l\u2019apesanteur, repousser les limites de flexibilit\u00e9 de leurs membres et cr\u00e9er ainsi, devant nos yeux, un monde surnaturel, il faudra nous int\u00e9resser \u00e0 une m\u00e9ta-physique globale de l\u2019espace. La sc\u00e9nographie de ce spectacle devra donner \u00e0 voir un univers non-r\u00e9aliste, poss\u00e9dant ses propres codes, et peut-\u00eatre m\u00eame sa propre gravit\u00e9, un lieu secret et myst\u00e9rieux dans lequel se d\u00e9velopperont des sc\u00e8nes \u00e9tranges, magiques et inqui\u00e9tantes.<\/p>\n\n\n\n<p class=\"has-black-color has-white-background-color has-text-color has-background wp-block-paragraph\" style=\"margin-top:var(--wp--preset--spacing--40);margin-right:var(--wp--preset--spacing--40);margin-bottom:var(--wp--preset--spacing--40);margin-left:var(--wp--preset--spacing--40);padding-top:0;padding-right:0;padding-bottom:0;padding-left:0\">En cr\u00e9ant ce spectacle, dont les ingr\u00e9dients de base, musique et acrobatie, produiront d\u00e9j\u00e0 \u00e0 eux seuls un fort impact, il faudra toutefois veiller aussi \u00e0 l\u2019imaginaire du spectateur, lui donner la possibilit\u00e9 de regarder et d\u2019\u00e9couter mais \u00e9galement, comme je cherche toujours \u00e0 le faire dans mes cr\u00e9ations, lui offrir des espaces assez vastes et relativement ind\u00e9finis afin qu\u2019il puisse y inclure sa propre part imaginative.<\/p>\n\n\n\n<p class=\"has-black-color has-white-background-color has-text-color has-background wp-block-paragraph\" style=\"margin-top:var(--wp--preset--spacing--40);margin-right:var(--wp--preset--spacing--40);margin-bottom:var(--wp--preset--spacing--40);margin-left:var(--wp--preset--spacing--40);padding-top:0;padding-right:0;padding-bottom:0;padding-left:0\">Au d\u00e9but d\u2019un processus de cr\u00e9ation, j\u2019ai pour habitude de rassembler de fa\u00e7on instinctive des mat\u00e9riaux qui m\u2019\u00e9voquent, \u00e0 leur mani\u00e8re, l\u2019\u0153uvre sur laquelle je travaille, mat\u00e9riaux qui agiront de pr\u00eat ou de loin comme source d\u2019inspiration. Pour conclure, j\u2019aimerais donc citer ici quelques-unes de ces sources, en me cantonnant pour l\u2019heure au domaine, cher \u00e0 Mauricio Kagel, du cin\u00e9ma&nbsp;:<\/p>\n\n\n\n<p class=\"has-black-color has-white-background-color has-text-color has-background wp-block-paragraph\" style=\"margin-top:var(--wp--preset--spacing--20);margin-right:var(--wp--preset--spacing--20);margin-bottom:var(--wp--preset--spacing--20);margin-left:var(--wp--preset--spacing--20);padding-top:0;padding-right:0;padding-bottom:0;padding-left:0\">&#8211; l\u2019envo\u00fbtant <em>Club Silencio<\/em> dans <em>Mulholland Drive<\/em> de David Lynch,<\/p>\n\n\n\n<p class=\"has-black-color has-white-background-color has-text-color has-background wp-block-paragraph\" style=\"margin-top:var(--wp--preset--spacing--20);margin-right:var(--wp--preset--spacing--20);margin-bottom:var(--wp--preset--spacing--20);margin-left:var(--wp--preset--spacing--20);padding-top:0;padding-right:0;padding-bottom:0;padding-left:0\">&#8211; l\u2019ensorcelante sc\u00e8ne du <em>Candy colored clown<\/em> dans <em>Blue Velvet<\/em> du m\u00eame r\u00e9alisateur,<\/p>\n\n\n\n<p class=\"has-black-color has-white-background-color has-text-color has-background wp-block-paragraph\" style=\"margin-top:var(--wp--preset--spacing--20);margin-right:var(--wp--preset--spacing--20);margin-bottom:var(--wp--preset--spacing--20);margin-left:var(--wp--preset--spacing--20);padding-top:0;padding-right:0;padding-bottom:0;padding-left:0\">&#8211; l\u2019hypnotisante s\u00e9quence d\u2019ouverture dans le film <em>2001\u00a0: l\u2019odyss\u00e9e de l\u2019espace<\/em> de Stanley Kubrick,<\/p>\n\n\n\n<p class=\"has-black-color has-white-background-color has-text-color has-background wp-block-paragraph\" style=\"margin-top:var(--wp--preset--spacing--20);margin-right:var(--wp--preset--spacing--20);margin-bottom:var(--wp--preset--spacing--20);margin-left:var(--wp--preset--spacing--20);padding-top:0;padding-right:0;padding-bottom:0;padding-left:0\">&#8211; la part d\u2019irr\u00e9alit\u00e9 farfelue qui se d\u00e9gage dans certaines s\u00e9quences des films de Jacques Tati,<\/p>\n\n\n\n<p class=\"has-black-color has-white-background-color has-text-color has-background wp-block-paragraph\" style=\"margin-top:var(--wp--preset--spacing--20);margin-right:var(--wp--preset--spacing--20);margin-bottom:var(--wp--preset--spacing--20);margin-left:var(--wp--preset--spacing--20);padding-top:0;padding-right:0;padding-bottom:0;padding-left:0\">&#8211; ou encore l\u2019inqui\u00e9tante <em>Classroom dance <\/em>dans <em>Institute Benjamenta <\/em>des<em> Fr\u00e8res Quais.<\/em><\/p>\n<\/div>\n<\/div>\n<\/div>\n","protected":false},"excerpt":{"rendered":"<p>Notes pr\u00e9liminaires de travail Apr\u00e8s avoir m\u00eal\u00e9 \u00e0 mes cr\u00e9ations des musiques classiques et contemporaines&nbsp;: &#8211; Chopin &#8211; Debussy, Purcell, Scelsi, et Bach command\u00e9 \u00e0 des compositeurs et \u00e0 des sound-designers des musiques de sc\u00e8nes et des univers sonores&nbsp;: &#8211; Claude Berset &#8211; Yves Massy &#8211; G\u00e9rard Burger mis en sc\u00e8ne des op\u00e9ras d\u2019hier et &hellip;<\/p>\n<p class=\"read-more\"> <a class=\"\" href=\"https:\/\/fabricehuggler.com\/?page_id=916\"> <span class=\"screen-reader-text\">Vari\u00e9t\u00e9 &#8211; Intentions<\/span> Lire la suite\u00a0\u00bb<\/a><\/p>\n","protected":false},"author":1,"featured_media":0,"parent":0,"menu_order":0,"comment_status":"closed","ping_status":"closed","template":"","meta":{"site-sidebar-layout":"default","site-content-layout":"default","ast-global-header-display":"","ast-main-header-display":"","ast-hfb-above-header-display":"","ast-hfb-below-header-display":"","ast-hfb-mobile-header-display":"","site-post-title":"","ast-breadcrumbs-content":"","ast-featured-img":"","footer-sml-layout":"","theme-transparent-header-meta":"","adv-header-id-meta":"","stick-header-meta":"","header-above-stick-meta":"","header-main-stick-meta":"","header-below-stick-meta":"","footnotes":""},"class_list":["post-916","page","type-page","status-publish","hentry"],"_links":{"self":[{"href":"https:\/\/fabricehuggler.com\/index.php?rest_route=\/wp\/v2\/pages\/916","targetHints":{"allow":["GET"]}}],"collection":[{"href":"https:\/\/fabricehuggler.com\/index.php?rest_route=\/wp\/v2\/pages"}],"about":[{"href":"https:\/\/fabricehuggler.com\/index.php?rest_route=\/wp\/v2\/types\/page"}],"author":[{"embeddable":true,"href":"https:\/\/fabricehuggler.com\/index.php?rest_route=\/wp\/v2\/users\/1"}],"replies":[{"embeddable":true,"href":"https:\/\/fabricehuggler.com\/index.php?rest_route=%2Fwp%2Fv2%2Fcomments&post=916"}],"version-history":[{"count":9,"href":"https:\/\/fabricehuggler.com\/index.php?rest_route=\/wp\/v2\/pages\/916\/revisions"}],"predecessor-version":[{"id":929,"href":"https:\/\/fabricehuggler.com\/index.php?rest_route=\/wp\/v2\/pages\/916\/revisions\/929"}],"wp:attachment":[{"href":"https:\/\/fabricehuggler.com\/index.php?rest_route=%2Fwp%2Fv2%2Fmedia&parent=916"}],"curies":[{"name":"wp","href":"https:\/\/api.w.org\/{rel}","templated":true}]}}